{"id":1664,"date":"2024-07-23T18:59:27","date_gmt":"2024-07-23T16:59:27","guid":{"rendered":"https:\/\/gluecksgefuehle-weddings.at\/?page_id=1664"},"modified":"2025-02-14T19:45:17","modified_gmt":"2025-02-14T18:45:17","slug":"galerie-wild-wild-wedding-2-2-2","status":"publish","type":"page","link":"https:\/\/dw-weddings.com\/en\/galerie-wild-wild-wedding-2-2-2\/","title":{"rendered":"Galerie Snowwhite`s Winter Wonderland"},"content":{"rendered":"\t\t<div data-elementor-type=\"wp-page\" data-elementor-id=\"1664\" class=\"elementor elementor-1664\" data-elementor-post-type=\"page\">\n\t\t\t\t\t\t<section class=\"elementor-section elementor-top-section elementor-element elementor-element-411bd9d5 elementor-section-full_width elementor-section-content-top elementor-section-height-default elementor-section-height-default\" data-id=\"411bd9d5\" data-element_type=\"section\" data-e-type=\"section\" data-settings=\"{&quot;background_background&quot;:&quot;classic&quot;}\">\n\t\t\t\t\t\t<div class=\"elementor-container elementor-column-gap-no\">\n\t\t\t\t\t<div class=\"elementor-column elementor-col-100 elementor-top-column elementor-element elementor-element-56f5cd04\" data-id=\"56f5cd04\" data-element_type=\"column\" data-e-type=\"column\">\n\t\t\t<div class=\"elementor-widget-wrap elementor-element-populated\">\n\t\t\t\t\t\t<div class=\"elementor-element elementor-element-3d01224 elementor-widget__width-initial elementor-absolute elementor-widget-tablet__width-initial elementor-widget-mobile__width-inherit elementor-widget elementor-widget-spacer\" data-id=\"3d01224\" data-element_type=\"widget\" data-e-type=\"widget\" data-settings=\"{&quot;_position&quot;:&quot;absolute&quot;}\" data-widget_type=\"spacer.default\">\n\t\t\t\t<div class=\"elementor-widget-container\">\n\t\t\t\t\t\t\t<div class=\"elementor-spacer\">\n\t\t\t<div class=\"elementor-spacer-inner\"><\/div>\n\t\t<\/div>\n\t\t\t\t\t\t<\/div>\n\t\t\t\t<\/div>\n\t\t\t\t\t<\/div>\n\t\t<\/div>\n\t\t\t\t\t<\/div>\n\t\t<\/section>\n\t\t\t\t<section class=\"elementor-section elementor-top-section elementor-element elementor-element-2995cf71 elementor-section-full_width elementor-section-height-default elementor-section-height-default\" data-id=\"2995cf71\" data-element_type=\"section\" data-e-type=\"section\">\n\t\t\t\t\t\t<div class=\"elementor-container elementor-column-gap-default\">\n\t\t\t\t\t<div class=\"elementor-column elementor-col-50 elementor-top-column elementor-element elementor-element-99e4d80\" data-id=\"99e4d80\" data-element_type=\"column\" data-e-type=\"column\" data-settings=\"{&quot;background_background&quot;:&quot;classic&quot;}\">\n\t\t\t<div class=\"elementor-widget-wrap elementor-element-populated\">\n\t\t\t\t\t\t<div class=\"elementor-element elementor-element-8b6c943 elementor-widget elementor-widget-spacer\" data-id=\"8b6c943\" data-element_type=\"widget\" data-e-type=\"widget\" data-widget_type=\"spacer.default\">\n\t\t\t\t<div class=\"elementor-widget-container\">\n\t\t\t\t\t\t\t<div class=\"elementor-spacer\">\n\t\t\t<div class=\"elementor-spacer-inner\"><\/div>\n\t\t<\/div>\n\t\t\t\t\t\t<\/div>\n\t\t\t\t<\/div>\n\t\t\t\t\t<\/div>\n\t\t<\/div>\n\t\t\t\t<div class=\"elementor-column elementor-col-50 elementor-top-column elementor-element elementor-element-7c141\" data-id=\"7c141\" data-element_type=\"column\" data-e-type=\"column\">\n\t\t\t<div class=\"elementor-widget-wrap elementor-element-populated\">\n\t\t\t\t\t\t<div class=\"elementor-element elementor-element-6c21a59b elementor-widget-divider--view-line_text elementor-widget-divider--element-align-left elementor-widget elementor-widget-divider\" data-id=\"6c21a59b\" data-element_type=\"widget\" data-e-type=\"widget\" data-widget_type=\"divider.default\">\n\t\t\t\t<div class=\"elementor-widget-container\">\n\t\t\t\t\t\t\t<div class=\"elementor-divider\">\n\t\t\t<span class=\"elementor-divider-separator\">\n\t\t\t\t\t\t\t<span class=\"elementor-divider__text elementor-divider__element\">\n\t\t\t\tSnowwhite`s <b>Winterwonderland<\/b>\t\t\t\t<\/span>\n\t\t\t\t\t\t<\/span>\n\t\t<\/div>\n\t\t\t\t\t\t<\/div>\n\t\t\t\t<\/div>\n\t\t\t\t<div class=\"elementor-element elementor-element-1769ce11 elementor-widget elementor-widget-text-editor\" data-id=\"1769ce11\" data-element_type=\"widget\" data-e-type=\"widget\" data-widget_type=\"text-editor.default\">\n\t\t\t\t<div class=\"elementor-widget-container\">\n\t\t\t\t\t\t\t\t\t<p>Die Magie einer Winterhochzeit &#8211; definitiv unverkennbar und einzigartig.<\/p><p>Mit stimmiger Dekoration, ganz vielen Lichtern und Kerzen, kann man am S\u00e4ntis in der Schweiz wirklich eine besondere Winter-Hochzeit feiern.<\/p><p>Eure Feier kann auf \u00fcber 2000 m Seeh\u00f6he direkt am Berg stattfinden oder aber auch im schicken Hotel, am Fu\u00dfe des Berges, welches immer noch auf ca. 1300 m Seeh\u00f6he liegt. Einer eleganten und schicken Winterhochzeit steht hier definitiv nichts mehr im Wege.<\/p><p>Eine Besonderheit hier in den Schweizer Bergen, ist definitiv der Laternenweg, welcher sich super eignet f\u00fcr ein Paarshooting umgeben von Schnee soweit das Auge reicht. Hier findet ihr euer perfektes Winterwonderland.<\/p><p>Zudem kann bei einer Hochzeit im Winter, auf tolle Specials gesetzt werden, wie Gl\u00fchwein, gebrannte Mandeln und Lebkuchen als Aperitif.<\/p><p>Na, wer ist bereit f\u00fcr sein eigenes Winter-Wedding-Fairytale?\u00a0<\/p>\t\t\t\t\t\t\t\t<\/div>\n\t\t\t\t<\/div>\n\t\t\t\t\t<\/div>\n\t\t<\/div>\n\t\t\t\t\t<\/div>\n\t\t<\/section>\n\t\t\t\t<section class=\"elementor-section elementor-top-section elementor-element elementor-element-5d980388 elementor-section-full_width elementor-section-height-default elementor-section-height-default\" data-id=\"5d980388\" data-element_type=\"section\" data-e-type=\"section\">\n\t\t\t\t\t\t<div class=\"elementor-container elementor-column-gap-default\">\n\t\t\t\t\t<div class=\"elementor-column elementor-col-100 elementor-top-column elementor-element elementor-element-374d8014\" data-id=\"374d8014\" data-element_type=\"column\" data-e-type=\"column\">\n\t\t\t<div class=\"elementor-widget-wrap elementor-element-populated\">\n\t\t\t\t\t\t<div class=\"elementor-element elementor-element-11cbbbda elementor-widget elementor-widget-image\" data-id=\"11cbbbda\" data-element_type=\"widget\" data-e-type=\"widget\" data-settings=\"{&quot;motion_fx_motion_fx_scrolling&quot;:&quot;yes&quot;,&quot;motion_fx_translateY_effect&quot;:&quot;yes&quot;,&quot;motion_fx_translateY_speed&quot;:{&quot;unit&quot;:&quot;px&quot;,&quot;size&quot;:&quot;2&quot;,&quot;sizes&quot;:[]},&quot;motion_fx_devices&quot;:[&quot;desktop&quot;],&quot;motion_fx_translateY_affectedRange&quot;:{&quot;unit&quot;:&quot;%&quot;,&quot;size&quot;:&quot;&quot;,&quot;sizes&quot;:{&quot;start&quot;:0,&quot;end&quot;:100}}}\" data-widget_type=\"image.default\">\n\t\t\t\t<div class=\"elementor-widget-container\">\n\t\t\t\t\t\t\t\t\t\t\t\t\t\t\t<img fetchpriority=\"high\" decoding=\"async\" width=\"1080\" height=\"720\" src=\"https:\/\/dw-weddings.com\/wp-content\/uploads\/2024\/09\/Winterhochzeit-Schweiz.jpg\" class=\"attachment-full size-full wp-image-2520\" alt=\"Ein Paar in Hochzeitskleidung h\u00e4lt l\u00e4chelnd Wunderkerzen in einem verschneiten Wald in S\u00fcdtirol, mit einer warm leuchtenden Laterne im Vordergrund.\" srcset=\"https:\/\/dw-weddings.com\/wp-content\/uploads\/2024\/09\/Winterhochzeit-Schweiz.jpg 1080w, https:\/\/dw-weddings.com\/wp-content\/uploads\/2024\/09\/Winterhochzeit-Schweiz-300x200.jpg 300w, https:\/\/dw-weddings.com\/wp-content\/uploads\/2024\/09\/Winterhochzeit-Schweiz-1024x683.jpg 1024w, https:\/\/dw-weddings.com\/wp-content\/uploads\/2024\/09\/Winterhochzeit-Schweiz-768x512.jpg 768w\" sizes=\"(max-width: 1080px) 100vw, 1080px\" \/>\t\t\t\t\t\t\t\t\t\t\t\t\t\t\t<\/div>\n\t\t\t\t<\/div>\n\t\t\t\t\t<\/div>\n\t\t<\/div>\n\t\t\t\t\t<\/div>\n\t\t<\/section>\n\t\t\t\t<section class=\"elementor-section elementor-top-section elementor-element elementor-element-1d537a09 elementor-section-full_width elementor-section-height-default elementor-section-height-default\" data-id=\"1d537a09\" data-element_type=\"section\" data-e-type=\"section\">\n\t\t\t\t\t\t<div class=\"elementor-container elementor-column-gap-default\">\n\t\t\t\t\t<div class=\"elementor-column elementor-col-100 elementor-top-column elementor-element elementor-element-4b08b1ff\" data-id=\"4b08b1ff\" data-element_type=\"column\" data-e-type=\"column\" data-settings=\"{&quot;motion_fx_motion_fx_scrolling&quot;:&quot;yes&quot;,&quot;motion_fx_translateX_effect&quot;:&quot;yes&quot;,&quot;motion_fx_translateX_speed&quot;:{&quot;unit&quot;:&quot;px&quot;,&quot;size&quot;:&quot;1&quot;,&quot;sizes&quot;:[]},&quot;motion_fx_translateX_affectedRange&quot;:{&quot;unit&quot;:&quot;%&quot;,&quot;size&quot;:&quot;&quot;,&quot;sizes&quot;:{&quot;start&quot;:&quot;0&quot;,&quot;end&quot;:&quot;50&quot;}},&quot;motion_fx_devices&quot;:[&quot;desktop&quot;]}\">\n\t\t\t<div class=\"elementor-widget-wrap elementor-element-populated\">\n\t\t\t\t\t\t<div class=\"elementor-element elementor-element-599c978b elementor-widget-divider--view-line_text elementor-widget-divider--element-align-left elementor-widget elementor-widget-divider\" data-id=\"599c978b\" data-element_type=\"widget\" data-e-type=\"widget\" data-widget_type=\"divider.default\">\n\t\t\t\t<div class=\"elementor-widget-container\">\n\t\t\t\t\t\t\t<div class=\"elementor-divider\">\n\t\t\t<span class=\"elementor-divider-separator\">\n\t\t\t\t\t\t\t<span class=\"elementor-divider__text elementor-divider__element\">\n\t\t\t\tS\u00e4ntis, Schw\u00e4galp <b>Schweiz<\/b>\t\t\t\t<\/span>\n\t\t\t\t\t\t<\/span>\n\t\t<\/div>\n\t\t\t\t\t\t<\/div>\n\t\t\t\t<\/div>\n\t\t\t\t\t<\/div>\n\t\t<\/div>\n\t\t\t\t\t<\/div>\n\t\t<\/section>\n\t\t\t\t<section class=\"elementor-section elementor-top-section elementor-element elementor-element-38e9183c elementor-section-boxed elementor-section-height-default elementor-section-height-default\" data-id=\"38e9183c\" data-element_type=\"section\" data-e-type=\"section\">\n\t\t\t\t\t\t<div class=\"elementor-container elementor-column-gap-no\">\n\t\t\t\t\t<div class=\"elementor-column elementor-col-100 elementor-top-column elementor-element elementor-element-4c05273f\" data-id=\"4c05273f\" data-element_type=\"column\" data-e-type=\"column\" data-settings=\"{&quot;background_background&quot;:&quot;gradient&quot;}\">\n\t\t\t<div class=\"elementor-widget-wrap elementor-element-populated\">\n\t\t\t\t\t<div class=\"elementor-background-overlay\"><\/div>\n\t\t\t\t\t\t<div class=\"elementor-element elementor-element-4fbbef0d elementor-widget elementor-widget-spacer\" data-id=\"4fbbef0d\" data-element_type=\"widget\" data-e-type=\"widget\" data-widget_type=\"spacer.default\">\n\t\t\t\t<div class=\"elementor-widget-container\">\n\t\t\t\t\t\t\t<div class=\"elementor-spacer\">\n\t\t\t<div class=\"elementor-spacer-inner\"><\/div>\n\t\t<\/div>\n\t\t\t\t\t\t<\/div>\n\t\t\t\t<\/div>\n\t\t\t\t<div class=\"elementor-element elementor-element-33be29e2 elementor-widget elementor-widget-gallery\" data-id=\"33be29e2\" data-element_type=\"widget\" data-e-type=\"widget\" data-settings=\"{&quot;gallery_layout&quot;:&quot;masonry&quot;,&quot;lazyload&quot;:&quot;yes&quot;,&quot;columns&quot;:4,&quot;columns_tablet&quot;:2,&quot;columns_mobile&quot;:1,&quot;gap&quot;:{&quot;unit&quot;:&quot;px&quot;,&quot;size&quot;:10,&quot;sizes&quot;:[]},&quot;gap_tablet&quot;:{&quot;unit&quot;:&quot;px&quot;,&quot;size&quot;:10,&quot;sizes&quot;:[]},&quot;gap_mobile&quot;:{&quot;unit&quot;:&quot;px&quot;,&quot;size&quot;:10,&quot;sizes&quot;:[]},&quot;link_to&quot;:&quot;file&quot;,&quot;overlay_background&quot;:&quot;yes&quot;,&quot;content_hover_animation&quot;:&quot;fade-in&quot;}\" data-widget_type=\"gallery.default\">\n\t\t\t\t<div class=\"elementor-widget-container\">\n\t\t\t\t\t\t\t<div class=\"elementor-gallery__container\">\n\t\t\t\t\t\t\t<a class=\"e-gallery-item elementor-gallery-item elementor-animated-content\" href=\"https:\/\/dw-weddings.com\/wp-content\/uploads\/2024\/09\/Weddinplanner-Schweiz-Weddings-Schweiz-Saentis-Winterhochzeit-730.jpg\" data-elementor-open-lightbox=\"yes\" data-elementor-lightbox-slideshow=\"33be29e2\" data-elementor-lightbox-title=\"Weddinplanner Schweiz, Weddings Schweiz, S\u00e4ntis, Winterhochzeit (730)\" data-e-action-hash=\"#elementor-action%3Aaction%3Dlightbox%26settings%3DeyJpZCI6MjU3MSwidXJsIjoiaHR0cHM6XC9cL2R3LXdlZGRpbmdzLmNvbVwvd3AtY29udGVudFwvdXBsb2Fkc1wvMjAyNFwvMDlcL1dlZGRpbnBsYW5uZXItU2Nod2Vpei1XZWRkaW5ncy1TY2h3ZWl6LVNhZW50aXMtV2ludGVyaG9jaHplaXQtNzMwLmpwZyIsInNsaWRlc2hvdyI6IjMzYmUyOWUyIn0%3D\">\n\t\t\t\t\t<div class=\"e-gallery-image elementor-gallery-item__image\" data-thumbnail=\"https:\/\/dw-weddings.com\/wp-content\/uploads\/2024\/09\/Weddinplanner-Schweiz-Weddings-Schweiz-Saentis-Winterhochzeit-730-768x1151.jpg\" data-width=\"768\" data-height=\"1151\" aria-label=\"Schneebedeckte Tannen an einem bewaldeten Hang unter einem teilweise bew\u00f6lkten Himmel in der malerischen Bodensee-Region, perfekt f\u00fcr ein winterliches Hochzeitswochenende.\" role=\"img\" ><\/div>\n\t\t\t\t\t\t\t\t\t\t\t<div class=\"elementor-gallery-item__overlay\"><\/div>\n\t\t\t\t\t\t\t\t\t\t\t\t\t\t<\/a>\n\t\t\t\t\t\t\t<a class=\"e-gallery-item elementor-gallery-item elementor-animated-content\" href=\"https:\/\/dw-weddings.com\/wp-content\/uploads\/2024\/09\/Weddingplanner-Schweiz-Weddings-Schweiz-Saentis-Winterhochzeit-735.jpg\" data-elementor-open-lightbox=\"yes\" data-elementor-lightbox-slideshow=\"33be29e2\" data-elementor-lightbox-title=\"Weddingplanner Schweiz, Weddings Schweiz, S\u00e4ntis, Winterhochzeit (735)\" data-e-action-hash=\"#elementor-action%3Aaction%3Dlightbox%26settings%3DeyJpZCI6MjU3OSwidXJsIjoiaHR0cHM6XC9cL2R3LXdlZGRpbmdzLmNvbVwvd3AtY29udGVudFwvdXBsb2Fkc1wvMjAyNFwvMDlcL1dlZGRpbmdwbGFubmVyLVNjaHdlaXotV2VkZGluZ3MtU2Nod2Vpei1TYWVudGlzLVdpbnRlcmhvY2h6ZWl0LTczNS5qcGciLCJzbGlkZXNob3ciOiIzM2JlMjllMiJ9\">\n\t\t\t\t\t<div class=\"e-gallery-image elementor-gallery-item__image\" data-thumbnail=\"https:\/\/dw-weddings.com\/wp-content\/uploads\/2024\/09\/Weddingplanner-Schweiz-Weddings-Schweiz-Saentis-Winterhochzeit-735-768x1151.jpg\" data-width=\"768\" data-height=\"1151\" aria-label=\"Ein Strau\u00df mit roten Rosen, Gr\u00fcnzeug und roten Beeren erinnert an die Romantik eines Hochzeitswochenendes in S\u00fcdtirol, vor einem sanft beleuchteten, neutralen Hintergrund.\" role=\"img\" ><\/div>\n\t\t\t\t\t\t\t\t\t\t\t<div class=\"elementor-gallery-item__overlay\"><\/div>\n\t\t\t\t\t\t\t\t\t\t\t\t\t\t<\/a>\n\t\t\t\t\t\t\t<a class=\"e-gallery-item elementor-gallery-item elementor-animated-content\" href=\"https:\/\/dw-weddings.com\/wp-content\/uploads\/2024\/09\/Weddingplanner-Schweiz-Weddings-Schweiz-Saentis-Winterhochzeit-19.jpg\" data-elementor-open-lightbox=\"yes\" data-elementor-lightbox-slideshow=\"33be29e2\" data-elementor-lightbox-title=\"Weddingplanner Schweiz, Weddings Schweiz, S\u00e4ntis, Winterhochzeit (19)\" data-e-action-hash=\"#elementor-action%3Aaction%3Dlightbox%26settings%3DeyJpZCI6MjU4MSwidXJsIjoiaHR0cHM6XC9cL2R3LXdlZGRpbmdzLmNvbVwvd3AtY29udGVudFwvdXBsb2Fkc1wvMjAyNFwvMDlcL1dlZGRpbmdwbGFubmVyLVNjaHdlaXotV2VkZGluZ3MtU2Nod2Vpei1TYWVudGlzLVdpbnRlcmhvY2h6ZWl0LTE5LmpwZyIsInNsaWRlc2hvdyI6IjMzYmUyOWUyIn0%3D\">\n\t\t\t\t\t<div class=\"e-gallery-image elementor-gallery-item__image\" data-thumbnail=\"https:\/\/dw-weddings.com\/wp-content\/uploads\/2024\/09\/Weddingplanner-Schweiz-Weddings-Schweiz-Saentis-Winterhochzeit-19-768x1151.jpg\" data-width=\"768\" data-height=\"1151\" aria-label=\"Ein wei\u00dfes Hochzeitskleid h\u00e4ngt an der Wand \u00fcber einem Tisch mit Blumen, \u00c4pfeln, Schmuck und Ohrringen - und f\u00e4ngt die Romantik eines Hochzeitswochenendes in der Bodenseeregion ein.\" role=\"img\" ><\/div>\n\t\t\t\t\t\t\t\t\t\t\t<div class=\"elementor-gallery-item__overlay\"><\/div>\n\t\t\t\t\t\t\t\t\t\t\t\t\t\t<\/a>\n\t\t\t\t\t\t\t<a class=\"e-gallery-item elementor-gallery-item elementor-animated-content\" href=\"https:\/\/dw-weddings.com\/wp-content\/uploads\/2024\/09\/Weddingplanner-Schweiz-Weddings-Schweiz-Saentis-Winterhochzeit-24.jpg\" data-elementor-open-lightbox=\"yes\" data-elementor-lightbox-slideshow=\"33be29e2\" data-elementor-lightbox-title=\"Weddingplanner Schweiz, Weddings Schweiz, S\u00e4ntis, Winterhochzeit (24)\" data-e-action-hash=\"#elementor-action%3Aaction%3Dlightbox%26settings%3DeyJpZCI6MjU4MiwidXJsIjoiaHR0cHM6XC9cL2R3LXdlZGRpbmdzLmNvbVwvd3AtY29udGVudFwvdXBsb2Fkc1wvMjAyNFwvMDlcL1dlZGRpbmdwbGFubmVyLVNjaHdlaXotV2VkZGluZ3MtU2Nod2Vpei1TYWVudGlzLVdpbnRlcmhvY2h6ZWl0LTI0LmpwZyIsInNsaWRlc2hvdyI6IjMzYmUyOWUyIn0%3D\">\n\t\t\t\t\t<div class=\"e-gallery-image elementor-gallery-item__image\" data-thumbnail=\"https:\/\/dw-weddings.com\/wp-content\/uploads\/2024\/09\/Weddingplanner-Schweiz-Weddings-Schweiz-Saentis-Winterhochzeit-24-768x1151.jpg\" data-width=\"768\" data-height=\"1151\" aria-label=\"Zwei rote \u00c4pfel, wei\u00dfe Ohrringe und eine Halskette auf einem Holztisch erinnern an den Charme S\u00fcdtirols, mit einem verschwommenen Blumenarrangement im Hintergrund.\" role=\"img\" ><\/div>\n\t\t\t\t\t\t\t\t\t\t\t<div class=\"elementor-gallery-item__overlay\"><\/div>\n\t\t\t\t\t\t\t\t\t\t\t\t\t\t<\/a>\n\t\t\t\t\t\t\t<a class=\"e-gallery-item elementor-gallery-item elementor-animated-content\" href=\"https:\/\/dw-weddings.com\/wp-content\/uploads\/2024\/09\/Weddingplanner-Schweiz-Weddings-Schweiz-Saentis-Winterhochzeit-3.jpg\" data-elementor-open-lightbox=\"yes\" data-elementor-lightbox-slideshow=\"33be29e2\" data-elementor-lightbox-title=\"Weddingplanner Schweiz, Weddings Schweiz, S\u00e4ntis, Winterhochzeit (3)\" data-e-action-hash=\"#elementor-action%3Aaction%3Dlightbox%26settings%3DeyJpZCI6MjU4MCwidXJsIjoiaHR0cHM6XC9cL2R3LXdlZGRpbmdzLmNvbVwvd3AtY29udGVudFwvdXBsb2Fkc1wvMjAyNFwvMDlcL1dlZGRpbmdwbGFubmVyLVNjaHdlaXotV2VkZGluZ3MtU2Nod2Vpei1TYWVudGlzLVdpbnRlcmhvY2h6ZWl0LTMuanBnIiwic2xpZGVzaG93IjoiMzNiZTI5ZTIifQ%3D%3D\">\n\t\t\t\t\t<div class=\"e-gallery-image elementor-gallery-item__image\" data-thumbnail=\"https:\/\/dw-weddings.com\/wp-content\/uploads\/2024\/09\/Weddingplanner-Schweiz-Weddings-Schweiz-Saentis-Winterhochzeit-3-768x1151.jpg\" data-width=\"768\" data-height=\"1151\" aria-label=\"Eine l\u00e4chelnde Frau mit langen blonden Haaren h\u00e4lt einen Strau\u00df roter Blumen und Gr\u00fcnzeug in der Hand. Sie steht in einem Innenraum vor einer T\u00fcr und f\u00e4ngt die Freude \u00fcber ein Hochzeitswochenende in \u00d6sterreich ein.\" role=\"img\" ><\/div>\n\t\t\t\t\t\t\t\t\t\t\t<div class=\"elementor-gallery-item__overlay\"><\/div>\n\t\t\t\t\t\t\t\t\t\t\t\t\t\t<\/a>\n\t\t\t\t\t\t\t<a class=\"e-gallery-item elementor-gallery-item elementor-animated-content\" href=\"https:\/\/dw-weddings.com\/wp-content\/uploads\/2024\/09\/Weddingplanner-Schweiz-Weddings-Schweiz-Saentis-Winterhochzeit-104.jpg\" data-elementor-open-lightbox=\"yes\" data-elementor-lightbox-slideshow=\"33be29e2\" data-elementor-lightbox-title=\"Weddingplanner Schweiz, Weddings Schweiz, S\u00e4ntis, Winterhochzeit (104)\" data-e-action-hash=\"#elementor-action%3Aaction%3Dlightbox%26settings%3DeyJpZCI6MjU5MCwidXJsIjoiaHR0cHM6XC9cL2R3LXdlZGRpbmdzLmNvbVwvd3AtY29udGVudFwvdXBsb2Fkc1wvMjAyNFwvMDlcL1dlZGRpbmdwbGFubmVyLVNjaHdlaXotV2VkZGluZ3MtU2Nod2Vpei1TYWVudGlzLVdpbnRlcmhvY2h6ZWl0LTEwNC5qcGciLCJzbGlkZXNob3ciOiIzM2JlMjllMiJ9\">\n\t\t\t\t\t<div class=\"e-gallery-image elementor-gallery-item__image\" data-thumbnail=\"https:\/\/dw-weddings.com\/wp-content\/uploads\/2024\/09\/Weddingplanner-Schweiz-Weddings-Schweiz-Saentis-Winterhochzeit-104-768x960.jpg\" data-width=\"768\" data-height=\"960\" aria-label=\"Mann mit Bart im schwarzen Anzug mit roter Fliege und roter Rosenboutonniere am Revers, der einen eleganten Charme ausstrahlt, der an den eleganten Stil der Bodenseeregion erinnert.\" role=\"img\" ><\/div>\n\t\t\t\t\t\t\t\t\t\t\t<div class=\"elementor-gallery-item__overlay\"><\/div>\n\t\t\t\t\t\t\t\t\t\t\t\t\t\t<\/a>\n\t\t\t\t\t\t\t<a class=\"e-gallery-item elementor-gallery-item elementor-animated-content\" href=\"https:\/\/dw-weddings.com\/wp-content\/uploads\/2024\/09\/Weddingplanner-Schweiz-Weddings-Schweiz-Saentis-Winterhochzeit-55.jpg\" data-elementor-open-lightbox=\"yes\" data-elementor-lightbox-slideshow=\"33be29e2\" data-elementor-lightbox-title=\"Weddingplanner Schweiz, Weddings Schweiz, S\u00e4ntis, Winterhochzeit (55)\" data-e-action-hash=\"#elementor-action%3Aaction%3Dlightbox%26settings%3DeyJpZCI6MjU4MywidXJsIjoiaHR0cHM6XC9cL2R3LXdlZGRpbmdzLmNvbVwvd3AtY29udGVudFwvdXBsb2Fkc1wvMjAyNFwvMDlcL1dlZGRpbmdwbGFubmVyLVNjaHdlaXotV2VkZGluZ3MtU2Nod2Vpei1TYWVudGlzLVdpbnRlcmhvY2h6ZWl0LTU1LmpwZyIsInNsaWRlc2hvdyI6IjMzYmUyOWUyIn0%3D\">\n\t\t\t\t\t<div class=\"e-gallery-image elementor-gallery-item__image\" data-thumbnail=\"https:\/\/dw-weddings.com\/wp-content\/uploads\/2024\/09\/Weddingplanner-Schweiz-Weddings-Schweiz-Saentis-Winterhochzeit-55-768x1151.jpg\" data-width=\"768\" data-height=\"1151\" aria-label=\"Eine Frau steckt einem Mann in schwarzem Anzug und roter Fliege eine Boutonniere an und f\u00e4ngt damit einen eleganten Moment ein, der an Feste in der Bodenseeregion erinnert.\" role=\"img\" ><\/div>\n\t\t\t\t\t\t\t\t\t\t\t<div class=\"elementor-gallery-item__overlay\"><\/div>\n\t\t\t\t\t\t\t\t\t\t\t\t\t\t<\/a>\n\t\t\t\t\t\t\t<a class=\"e-gallery-item elementor-gallery-item elementor-animated-content\" href=\"https:\/\/dw-weddings.com\/wp-content\/uploads\/2024\/09\/Weddingplanner-Schweiz-Weddings-Schweiz-Saentis-Winterhochzeit-99.jpg\" data-elementor-open-lightbox=\"yes\" data-elementor-lightbox-slideshow=\"33be29e2\" data-elementor-lightbox-title=\"Weddingplanner Schweiz, Weddings Schweiz, S\u00e4ntis, Winterhochzeit (99)\" data-e-action-hash=\"#elementor-action%3Aaction%3Dlightbox%26settings%3DeyJpZCI6MjU4OSwidXJsIjoiaHR0cHM6XC9cL2R3LXdlZGRpbmdzLmNvbVwvd3AtY29udGVudFwvdXBsb2Fkc1wvMjAyNFwvMDlcL1dlZGRpbmdwbGFubmVyLVNjaHdlaXotV2VkZGluZ3MtU2Nod2Vpei1TYWVudGlzLVdpbnRlcmhvY2h6ZWl0LTk5LmpwZyIsInNsaWRlc2hvdyI6IjMzYmUyOWUyIn0%3D\">\n\t\t\t\t\t<div class=\"e-gallery-image elementor-gallery-item__image\" data-thumbnail=\"https:\/\/dw-weddings.com\/wp-content\/uploads\/2024\/09\/Weddingplanner-Schweiz-Weddings-Schweiz-Saentis-Winterhochzeit-99-768x1151.jpg\" data-width=\"768\" data-height=\"1151\" aria-label=\"Eine dunkel gekleidete Person h\u00e4lt einen angebissenen roten Apfel in der offenen Hand, der an den knackigen Charme der Bodensee-Region erinnert.\" role=\"img\" ><\/div>\n\t\t\t\t\t\t\t\t\t\t\t<div class=\"elementor-gallery-item__overlay\"><\/div>\n\t\t\t\t\t\t\t\t\t\t\t\t\t\t<\/a>\n\t\t\t\t\t\t\t<a class=\"e-gallery-item elementor-gallery-item elementor-animated-content\" href=\"https:\/\/dw-weddings.com\/wp-content\/uploads\/2024\/09\/Weddingplanner-Schweiz-Weddings-Schweiz-Saentis-Winterhochzeit-120.jpg\" data-elementor-open-lightbox=\"yes\" data-elementor-lightbox-slideshow=\"33be29e2\" data-elementor-lightbox-title=\"Weddingplanner Schweiz, Weddings Schweiz, S\u00e4ntis, Winterhochzeit (120)\" data-e-action-hash=\"#elementor-action%3Aaction%3Dlightbox%26settings%3DeyJpZCI6MjU5MSwidXJsIjoiaHR0cHM6XC9cL2R3LXdlZGRpbmdzLmNvbVwvd3AtY29udGVudFwvdXBsb2Fkc1wvMjAyNFwvMDlcL1dlZGRpbmdwbGFubmVyLVNjaHdlaXotV2VkZGluZ3MtU2Nod2Vpei1TYWVudGlzLVdpbnRlcmhvY2h6ZWl0LTEyMC5qcGciLCJzbGlkZXNob3ciOiIzM2JlMjllMiJ9\">\n\t\t\t\t\t<div class=\"e-gallery-image elementor-gallery-item__image\" data-thumbnail=\"https:\/\/dw-weddings.com\/wp-content\/uploads\/2024\/09\/Weddingplanner-Schweiz-Weddings-Schweiz-Saentis-Winterhochzeit-120-768x1151.jpg\" data-width=\"768\" data-height=\"1151\" aria-label=\"Ein Mann im schwarzen Anzug mit roter Fliege und Ansteckblume steht an einer Holzwand und schaut nachdenklich, als w\u00fcrde er \u00fcber Erinnerungen aus der Bodenseeregion nahe der Grenze zwischen \u00d6sterreich und der Schweiz nachdenken.\" role=\"img\" ><\/div>\n\t\t\t\t\t\t\t\t\t\t\t<div class=\"elementor-gallery-item__overlay\"><\/div>\n\t\t\t\t\t\t\t\t\t\t\t\t\t\t<\/a>\n\t\t\t\t\t\t\t<a class=\"e-gallery-item elementor-gallery-item elementor-animated-content\" href=\"https:\/\/dw-weddings.com\/wp-content\/uploads\/2024\/09\/Weddingplanner-Schweiz-Weddings-Schweiz-Saentis-Winterhochzeit-199.jpg\" data-elementor-open-lightbox=\"yes\" data-elementor-lightbox-slideshow=\"33be29e2\" data-elementor-lightbox-title=\"Weddingplanner Schweiz, Weddings Schweiz, S\u00e4ntis, Winterhochzeit (199)\" data-e-action-hash=\"#elementor-action%3Aaction%3Dlightbox%26settings%3DeyJpZCI6MjU5NywidXJsIjoiaHR0cHM6XC9cL2R3LXdlZGRpbmdzLmNvbVwvd3AtY29udGVudFwvdXBsb2Fkc1wvMjAyNFwvMDlcL1dlZGRpbmdwbGFubmVyLVNjaHdlaXotV2VkZGluZ3MtU2Nod2Vpei1TYWVudGlzLVdpbnRlcmhvY2h6ZWl0LTE5OS5qcGciLCJzbGlkZXNob3ciOiIzM2JlMjllMiJ9\">\n\t\t\t\t\t<div class=\"e-gallery-image elementor-gallery-item__image\" data-thumbnail=\"https:\/\/dw-weddings.com\/wp-content\/uploads\/2024\/09\/Weddingplanner-Schweiz-Weddings-Schweiz-Saentis-Winterhochzeit-199-768x1151.jpg\" data-width=\"768\" data-height=\"1151\" aria-label=\"Eine Frau, die freudig l\u00e4chelt, w\u00e4hrend ihr Make-up mit einem Pinsel auf die Wange aufgetragen wird, f\u00e4ngt einen strahlenden Moment ein, der von der Sch\u00f6nheit der Bodensee-Region inspiriert ist.\" role=\"img\" ><\/div>\n\t\t\t\t\t\t\t\t\t\t\t<div class=\"elementor-gallery-item__overlay\"><\/div>\n\t\t\t\t\t\t\t\t\t\t\t\t\t\t<\/a>\n\t\t\t\t\t\t\t<a class=\"e-gallery-item elementor-gallery-item elementor-animated-content\" href=\"https:\/\/dw-weddings.com\/wp-content\/uploads\/2024\/09\/Weddingplanner-Schweiz-Weddings-Schweiz-Saentis-Winterhochzeit-254.jpg\" data-elementor-open-lightbox=\"yes\" data-elementor-lightbox-slideshow=\"33be29e2\" data-elementor-lightbox-title=\"Weddingplanner Schweiz, Weddings Schweiz, S\u00e4ntis, Winterhochzeit (254)\" data-e-action-hash=\"#elementor-action%3Aaction%3Dlightbox%26settings%3DeyJpZCI6MjYwMiwidXJsIjoiaHR0cHM6XC9cL2R3LXdlZGRpbmdzLmNvbVwvd3AtY29udGVudFwvdXBsb2Fkc1wvMjAyNFwvMDlcL1dlZGRpbmdwbGFubmVyLVNjaHdlaXotV2VkZGluZ3MtU2Nod2Vpei1TYWVudGlzLVdpbnRlcmhvY2h6ZWl0LTI1NC5qcGciLCJzbGlkZXNob3ciOiIzM2JlMjllMiJ9\">\n\t\t\t\t\t<div class=\"e-gallery-image elementor-gallery-item__image\" data-thumbnail=\"https:\/\/dw-weddings.com\/wp-content\/uploads\/2024\/09\/Weddingplanner-Schweiz-Weddings-Schweiz-Saentis-Winterhochzeit-254-768x960.jpg\" data-width=\"768\" data-height=\"960\" aria-label=\"Eine Nahaufnahme einer Hand, die eine zarte Goldkette am Hals und an der Brust einer Person ber\u00fchrt, um einen intimen Moment w\u00e4hrend eines Hochzeitswochenendes in S\u00fcdtirol festzuhalten.\" role=\"img\" ><\/div>\n\t\t\t\t\t\t\t\t\t\t\t<div class=\"elementor-gallery-item__overlay\"><\/div>\n\t\t\t\t\t\t\t\t\t\t\t\t\t\t<\/a>\n\t\t\t\t\t\t\t<a class=\"e-gallery-item elementor-gallery-item elementor-animated-content\" href=\"https:\/\/dw-weddings.com\/wp-content\/uploads\/2024\/09\/Weddingplanner-Schweiz-Weddings-Schweiz-Saentis-Winterhochzeit-729.jpg\" data-elementor-open-lightbox=\"yes\" data-elementor-lightbox-slideshow=\"33be29e2\" data-elementor-lightbox-title=\"Weddingplanner Schweiz, Weddings Schweiz, S\u00e4ntis, Winterhochzeit (729)\" data-e-action-hash=\"#elementor-action%3Aaction%3Dlightbox%26settings%3DeyJpZCI6MjU3OCwidXJsIjoiaHR0cHM6XC9cL2R3LXdlZGRpbmdzLmNvbVwvd3AtY29udGVudFwvdXBsb2Fkc1wvMjAyNFwvMDlcL1dlZGRpbmdwbGFubmVyLVNjaHdlaXotV2VkZGluZ3MtU2Nod2Vpei1TYWVudGlzLVdpbnRlcmhvY2h6ZWl0LTcyOS5qcGciLCJzbGlkZXNob3ciOiIzM2JlMjllMiJ9\">\n\t\t\t\t\t<div class=\"e-gallery-image elementor-gallery-item__image\" data-thumbnail=\"https:\/\/dw-weddings.com\/wp-content\/uploads\/2024\/09\/Weddingplanner-Schweiz-Weddings-Schweiz-Saentis-Winterhochzeit-729-768x1151.jpg\" data-width=\"768\" data-height=\"1151\" aria-label=\"Eine Hand h\u00e4lt ein weisses \u00e4rmelloses Kleid auf einem B\u00fcgel neben einem Fenster mit hellen Vorh\u00e4ngen, bereit f\u00fcr ein unvergessliches Hochzeitswochenende in der Schweiz.\" role=\"img\" ><\/div>\n\t\t\t\t\t\t\t\t\t\t\t<div class=\"elementor-gallery-item__overlay\"><\/div>\n\t\t\t\t\t\t\t\t\t\t\t\t\t\t<\/a>\n\t\t\t\t\t\t\t<a class=\"e-gallery-item elementor-gallery-item elementor-animated-content\" href=\"https:\/\/dw-weddings.com\/wp-content\/uploads\/2024\/09\/Weddingplanner-Schweiz-Weddings-Schweiz-Saentis-Winterhochzeit-211.jpg\" data-elementor-open-lightbox=\"yes\" data-elementor-lightbox-slideshow=\"33be29e2\" data-elementor-lightbox-title=\"Weddingplanner Schweiz, Weddings Schweiz, S\u00e4ntis, Winterhochzeit (211)\" data-e-action-hash=\"#elementor-action%3Aaction%3Dlightbox%26settings%3DeyJpZCI6MjU5OSwidXJsIjoiaHR0cHM6XC9cL2R3LXdlZGRpbmdzLmNvbVwvd3AtY29udGVudFwvdXBsb2Fkc1wvMjAyNFwvMDlcL1dlZGRpbmdwbGFubmVyLVNjaHdlaXotV2VkZGluZ3MtU2Nod2Vpei1TYWVudGlzLVdpbnRlcmhvY2h6ZWl0LTIxMS5qcGciLCJzbGlkZXNob3ciOiIzM2JlMjllMiJ9\">\n\t\t\t\t\t<div class=\"e-gallery-image elementor-gallery-item__image\" data-thumbnail=\"https:\/\/dw-weddings.com\/wp-content\/uploads\/2024\/09\/Weddingplanner-Schweiz-Weddings-Schweiz-Saentis-Winterhochzeit-211-768x1151.jpg\" data-width=\"768\" data-height=\"1151\" aria-label=\"Eine Frau in einem wei\u00dfen Kleid, die l\u00e4chelnd aus einem hellen Fenster blickt und deren Gesicht von der Sonne angestrahlt wird, f\u00e4ngt die Freude eines Hochzeitswochenendes in \u00d6sterreich oder der Schweiz ein.\" role=\"img\" ><\/div>\n\t\t\t\t\t\t\t\t\t\t\t<div class=\"elementor-gallery-item__overlay\"><\/div>\n\t\t\t\t\t\t\t\t\t\t\t\t\t\t<\/a>\n\t\t\t\t\t\t\t<a class=\"e-gallery-item elementor-gallery-item elementor-animated-content\" href=\"https:\/\/dw-weddings.com\/wp-content\/uploads\/2024\/09\/Weddingplanner-Schweiz-Weddings-Schweiz-Saentis-Winterhochzeit-182.jpg\" data-elementor-open-lightbox=\"yes\" data-elementor-lightbox-slideshow=\"33be29e2\" data-elementor-lightbox-title=\"Weddingplanner Schweiz, Weddings Schweiz, S\u00e4ntis, Winterhochzeit (182)\" data-e-action-hash=\"#elementor-action%3Aaction%3Dlightbox%26settings%3DeyJpZCI6MjU5NCwidXJsIjoiaHR0cHM6XC9cL2R3LXdlZGRpbmdzLmNvbVwvd3AtY29udGVudFwvdXBsb2Fkc1wvMjAyNFwvMDlcL1dlZGRpbmdwbGFubmVyLVNjaHdlaXotV2VkZGluZ3MtU2Nod2Vpei1TYWVudGlzLVdpbnRlcmhvY2h6ZWl0LTE4Mi5qcGciLCJzbGlkZXNob3ciOiIzM2JlMjllMiJ9\">\n\t\t\t\t\t<div class=\"e-gallery-image elementor-gallery-item__image\" data-thumbnail=\"https:\/\/dw-weddings.com\/wp-content\/uploads\/2024\/09\/Weddingplanner-Schweiz-Weddings-Schweiz-Saentis-Winterhochzeit-182-768x1151.jpg\" data-width=\"768\" data-height=\"1151\" aria-label=\"Eine Frau hilft einer Braut beim Anpassen ihrer glitzernden Abs\u00e4tze, wobei das wei\u00dfe Kleid der Braut sichtbar ist, w\u00e4hrend eines bezaubernden Hochzeitswochenendes in der malerischen Bodenseeregion der Schweiz.\" role=\"img\" ><\/div>\n\t\t\t\t\t\t\t\t\t\t\t<div class=\"elementor-gallery-item__overlay\"><\/div>\n\t\t\t\t\t\t\t\t\t\t\t\t\t\t<\/a>\n\t\t\t\t\t\t\t<a class=\"e-gallery-item elementor-gallery-item elementor-animated-content\" href=\"https:\/\/dw-weddings.com\/wp-content\/uploads\/2024\/09\/Weddingplanner-Schweiz-Weddings-Schweiz-Saentis-Winterhochzeit-410.jpg\" data-elementor-open-lightbox=\"yes\" data-elementor-lightbox-slideshow=\"33be29e2\" data-elementor-lightbox-title=\"Weddingplanner Schweiz, Weddings Schweiz, S\u00e4ntis, Winterhochzeit (410)\" data-e-action-hash=\"#elementor-action%3Aaction%3Dlightbox%26settings%3DeyJpZCI6MjYwOSwidXJsIjoiaHR0cHM6XC9cL2R3LXdlZGRpbmdzLmNvbVwvd3AtY29udGVudFwvdXBsb2Fkc1wvMjAyNFwvMDlcL1dlZGRpbmdwbGFubmVyLVNjaHdlaXotV2VkZGluZ3MtU2Nod2Vpei1TYWVudGlzLVdpbnRlcmhvY2h6ZWl0LTQxMC5qcGciLCJzbGlkZXNob3ciOiIzM2JlMjllMiJ9\">\n\t\t\t\t\t<div class=\"e-gallery-image elementor-gallery-item__image\" data-thumbnail=\"https:\/\/dw-weddings.com\/wp-content\/uploads\/2024\/09\/Weddingplanner-Schweiz-Weddings-Schweiz-Saentis-Winterhochzeit-410-768x1151.jpg\" data-width=\"768\" data-height=\"1151\" aria-label=\"Eine l\u00e4chelnde Frau in einem wei\u00dfen Kleid h\u00e4lt einen Blumenstrau\u00df und hebt ihren Rock. Sie steht an einem Fenster w\u00e4hrend ihres Hochzeitswochenendes in S\u00fcdtirol.\" role=\"img\" ><\/div>\n\t\t\t\t\t\t\t\t\t\t\t<div class=\"elementor-gallery-item__overlay\"><\/div>\n\t\t\t\t\t\t\t\t\t\t\t\t\t\t<\/a>\n\t\t\t\t\t\t\t<a class=\"e-gallery-item elementor-gallery-item elementor-animated-content\" href=\"https:\/\/dw-weddings.com\/wp-content\/uploads\/2024\/09\/Weddingplanner-Schweiz-Weddings-Schweiz-Saentis-Winterhochzeit-287.jpg\" data-elementor-open-lightbox=\"yes\" data-elementor-lightbox-slideshow=\"33be29e2\" data-elementor-lightbox-title=\"Weddingplanner Schweiz, Weddings Schweiz, S\u00e4ntis, Winterhochzeit (287)\" data-e-action-hash=\"#elementor-action%3Aaction%3Dlightbox%26settings%3DeyJpZCI6MjYwMywidXJsIjoiaHR0cHM6XC9cL2R3LXdlZGRpbmdzLmNvbVwvd3AtY29udGVudFwvdXBsb2Fkc1wvMjAyNFwvMDlcL1dlZGRpbmdwbGFubmVyLVNjaHdlaXotV2VkZGluZ3MtU2Nod2Vpei1TYWVudGlzLVdpbnRlcmhvY2h6ZWl0LTI4Ny5qcGciLCJzbGlkZXNob3ciOiIzM2JlMjllMiJ9\">\n\t\t\t\t\t<div class=\"e-gallery-image elementor-gallery-item__image\" data-thumbnail=\"https:\/\/dw-weddings.com\/wp-content\/uploads\/2024\/09\/Weddingplanner-Schweiz-Weddings-Schweiz-Saentis-Winterhochzeit-287-768x512.jpg\" data-width=\"768\" data-height=\"512\" aria-label=\"Eine l\u00e4chelnde Frau in einem wei\u00dfen Kleid mit einem Blumenstrau\u00df in der Hand, umrahmt von weichem wei\u00dfem Stoff in der N\u00e4he eines Fensters - die perfekte Inspiration f\u00fcr ein unvergessliches Hochzeitswochenende in der Schweiz oder im S\u00fcdtirol.\" role=\"img\" ><\/div>\n\t\t\t\t\t\t\t\t\t\t\t<div class=\"elementor-gallery-item__overlay\"><\/div>\n\t\t\t\t\t\t\t\t\t\t\t\t\t\t<\/a>\n\t\t\t\t\t\t\t<a class=\"e-gallery-item elementor-gallery-item elementor-animated-content\" href=\"https:\/\/dw-weddings.com\/wp-content\/uploads\/2024\/09\/Weddingplanner-Schweiz-Weddings-Schweiz-Saentis-Winterhochzeit-130.jpg\" data-elementor-open-lightbox=\"yes\" data-elementor-lightbox-slideshow=\"33be29e2\" data-elementor-lightbox-title=\"Weddingplanner Schweiz, Weddings Schweiz, S\u00e4ntis, Winterhochzeit (130)\" data-e-action-hash=\"#elementor-action%3Aaction%3Dlightbox%26settings%3DeyJpZCI6MjU5MywidXJsIjoiaHR0cHM6XC9cL2R3LXdlZGRpbmdzLmNvbVwvd3AtY29udGVudFwvdXBsb2Fkc1wvMjAyNFwvMDlcL1dlZGRpbmdwbGFubmVyLVNjaHdlaXotV2VkZGluZ3MtU2Nod2Vpei1TYWVudGlzLVdpbnRlcmhvY2h6ZWl0LTEzMC5qcGciLCJzbGlkZXNob3ciOiIzM2JlMjllMiJ9\">\n\t\t\t\t\t<div class=\"e-gallery-image elementor-gallery-item__image\" data-thumbnail=\"https:\/\/dw-weddings.com\/wp-content\/uploads\/2024\/09\/Weddingplanner-Schweiz-Weddings-Schweiz-Saentis-Winterhochzeit-130-768x1151.jpg\" data-width=\"768\" data-height=\"1151\" aria-label=\"Eine einzelne brennende wei\u00dfe Kerze leuchtet sanft, mit anderen verschwommenen Kerzen im dunklen Hintergrund - perfekt f\u00fcr ein romantisches Hochzeitswochenende in der Bodensee-Region oder einen intimen Abend in der Schweiz.\" role=\"img\" ><\/div>\n\t\t\t\t\t\t\t\t\t\t\t<div class=\"elementor-gallery-item__overlay\"><\/div>\n\t\t\t\t\t\t\t\t\t\t\t\t\t\t<\/a>\n\t\t\t\t\t\t\t<a class=\"e-gallery-item elementor-gallery-item elementor-animated-content\" href=\"https:\/\/dw-weddings.com\/wp-content\/uploads\/2024\/09\/Weddingplanner-Schweiz-Weddings-Schweiz-Saentis-Winterhochzeit-327.jpg\" data-elementor-open-lightbox=\"yes\" data-elementor-lightbox-slideshow=\"33be29e2\" data-elementor-lightbox-title=\"Weddingplanner Schweiz, Weddings Schweiz, S\u00e4ntis, Winterhochzeit (327)\" data-e-action-hash=\"#elementor-action%3Aaction%3Dlightbox%26settings%3DeyJpZCI6MjYwNywidXJsIjoiaHR0cHM6XC9cL2R3LXdlZGRpbmdzLmNvbVwvd3AtY29udGVudFwvdXBsb2Fkc1wvMjAyNFwvMDlcL1dlZGRpbmdwbGFubmVyLVNjaHdlaXotV2VkZGluZ3MtU2Nod2Vpei1TYWVudGlzLVdpbnRlcmhvY2h6ZWl0LTMyNy5qcGciLCJzbGlkZXNob3ciOiIzM2JlMjllMiJ9\">\n\t\t\t\t\t<div class=\"e-gallery-image elementor-gallery-item__image\" data-thumbnail=\"https:\/\/dw-weddings.com\/wp-content\/uploads\/2024\/09\/Weddingplanner-Schweiz-Weddings-Schweiz-Saentis-Winterhochzeit-327-768x1151.jpg\" data-width=\"768\" data-height=\"1151\" aria-label=\"Ein fr\u00f6hliches Paar steht sich l\u00e4chelnd am Fenster gegen\u00fcber, gekleidet in f\u00f6rmlicher Kleidung, und geniesst sein Hochzeitswochenende in der Schweiz.\" role=\"img\" ><\/div>\n\t\t\t\t\t\t\t\t\t\t\t<div class=\"elementor-gallery-item__overlay\"><\/div>\n\t\t\t\t\t\t\t\t\t\t\t\t\t\t<\/a>\n\t\t\t\t\t\t\t<a class=\"e-gallery-item elementor-gallery-item elementor-animated-content\" href=\"https:\/\/dw-weddings.com\/wp-content\/uploads\/2024\/09\/Weddingplanner-Schweiz-Weddings-Schweiz-Saentis-Winterhochzeit-500.jpg\" data-elementor-open-lightbox=\"yes\" data-elementor-lightbox-slideshow=\"33be29e2\" data-elementor-lightbox-title=\"Weddingplanner Schweiz, Weddings Schweiz, S\u00e4ntis, Winterhochzeit (500)\" data-e-action-hash=\"#elementor-action%3Aaction%3Dlightbox%26settings%3DeyJpZCI6MjYxNCwidXJsIjoiaHR0cHM6XC9cL2R3LXdlZGRpbmdzLmNvbVwvd3AtY29udGVudFwvdXBsb2Fkc1wvMjAyNFwvMDlcL1dlZGRpbmdwbGFubmVyLVNjaHdlaXotV2VkZGluZ3MtU2Nod2Vpei1TYWVudGlzLVdpbnRlcmhvY2h6ZWl0LTUwMC5qcGciLCJzbGlkZXNob3ciOiIzM2JlMjllMiJ9\">\n\t\t\t\t\t<div class=\"e-gallery-image elementor-gallery-item__image\" data-thumbnail=\"https:\/\/dw-weddings.com\/wp-content\/uploads\/2024\/09\/Weddingplanner-Schweiz-Weddings-Schweiz-Saentis-Winterhochzeit-500-768x512.jpg\" data-width=\"768\" data-height=\"512\" aria-label=\"Braut und Br\u00e4utigam umarmen sich vor einem gro\u00dfen Fenster mit schneebedeckten Bergen drau\u00dfen und einem gedeckten Esstisch drinnen und fangen so den Zauber eines Hochzeitswochenendes in der Bodensee-Region ein.\" role=\"img\" ><\/div>\n\t\t\t\t\t\t\t\t\t\t\t<div class=\"elementor-gallery-item__overlay\"><\/div>\n\t\t\t\t\t\t\t\t\t\t\t\t\t\t<\/a>\n\t\t\t\t\t\t\t<a class=\"e-gallery-item elementor-gallery-item elementor-animated-content\" href=\"https:\/\/dw-weddings.com\/wp-content\/uploads\/2024\/09\/Weddingplanner-Schweiz-Weddings-Schweiz-Saentis-Winterhochzeit-424.jpg\" data-elementor-open-lightbox=\"yes\" data-elementor-lightbox-slideshow=\"33be29e2\" data-elementor-lightbox-title=\"Weddingplanner Schweiz, Weddings Schweiz, S\u00e4ntis, Winterhochzeit (424)\" data-e-action-hash=\"#elementor-action%3Aaction%3Dlightbox%26settings%3DeyJpZCI6MjYxMCwidXJsIjoiaHR0cHM6XC9cL2R3LXdlZGRpbmdzLmNvbVwvd3AtY29udGVudFwvdXBsb2Fkc1wvMjAyNFwvMDlcL1dlZGRpbmdwbGFubmVyLVNjaHdlaXotV2VkZGluZ3MtU2Nod2Vpei1TYWVudGlzLVdpbnRlcmhvY2h6ZWl0LTQyNC5qcGciLCJzbGlkZXNob3ciOiIzM2JlMjllMiJ9\">\n\t\t\t\t\t<div class=\"e-gallery-image elementor-gallery-item__image\" data-thumbnail=\"https:\/\/dw-weddings.com\/wp-content\/uploads\/2024\/09\/Weddingplanner-Schweiz-Weddings-Schweiz-Saentis-Winterhochzeit-424-768x512.jpg\" data-width=\"768\" data-height=\"512\" aria-label=\"Eine Frau schenkt einem l\u00e4chelnden Paar an einem festlichen, mit Kerzen beleuchteten Tisch w\u00e4hrend ihres Hochzeitswochenendes in S\u00fcdtirol Rotwein ein.\" role=\"img\" ><\/div>\n\t\t\t\t\t\t\t\t\t\t\t<div class=\"elementor-gallery-item__overlay\"><\/div>\n\t\t\t\t\t\t\t\t\t\t\t\t\t\t<\/a>\n\t\t\t\t\t\t\t<a class=\"e-gallery-item elementor-gallery-item elementor-animated-content\" href=\"https:\/\/dw-weddings.com\/wp-content\/uploads\/2024\/09\/Weddingplanner-Schweiz-Weddings-Schweiz-Saentis-Winterhochzeit-466.jpg\" data-elementor-open-lightbox=\"yes\" data-elementor-lightbox-slideshow=\"33be29e2\" data-elementor-lightbox-title=\"Weddingplanner Schweiz, Weddings Schweiz, S\u00e4ntis, Winterhochzeit (466)\" data-e-action-hash=\"#elementor-action%3Aaction%3Dlightbox%26settings%3DeyJpZCI6MjYxMiwidXJsIjoiaHR0cHM6XC9cL2R3LXdlZGRpbmdzLmNvbVwvd3AtY29udGVudFwvdXBsb2Fkc1wvMjAyNFwvMDlcL1dlZGRpbmdwbGFubmVyLVNjaHdlaXotV2VkZGluZ3MtU2Nod2Vpei1TYWVudGlzLVdpbnRlcmhvY2h6ZWl0LTQ2Ni5qcGciLCJzbGlkZXNob3ciOiIzM2JlMjllMiJ9\">\n\t\t\t\t\t<div class=\"e-gallery-image elementor-gallery-item__image\" data-thumbnail=\"https:\/\/dw-weddings.com\/wp-content\/uploads\/2024\/09\/Weddingplanner-Schweiz-Weddings-Schweiz-Saentis-Winterhochzeit-466-768x512.jpg\" data-width=\"768\" data-height=\"512\" aria-label=\"Ein formell gekleidetes Paar sitzt l\u00e4chelnd und mit Weingl\u00e4sern in der Hand an einem festlich gedeckten Tisch in der sch\u00f6nen Bodensee-Region am Fenster.\" role=\"img\" ><\/div>\n\t\t\t\t\t\t\t\t\t\t\t<div class=\"elementor-gallery-item__overlay\"><\/div>\n\t\t\t\t\t\t\t\t\t\t\t\t\t\t<\/a>\n\t\t\t\t\t\t\t<a class=\"e-gallery-item elementor-gallery-item elementor-animated-content\" href=\"https:\/\/dw-weddings.com\/wp-content\/uploads\/2024\/09\/Weddingplanner-Schweiz-Weddings-Schweiz-Saentis-Winterhochzeit-70.jpg\" data-elementor-open-lightbox=\"yes\" data-elementor-lightbox-slideshow=\"33be29e2\" data-elementor-lightbox-title=\"Weddingplanner Schweiz, Weddings Schweiz, S\u00e4ntis, Winterhochzeit (70)\" data-e-action-hash=\"#elementor-action%3Aaction%3Dlightbox%26settings%3DeyJpZCI6MjU4NSwidXJsIjoiaHR0cHM6XC9cL2R3LXdlZGRpbmdzLmNvbVwvd3AtY29udGVudFwvdXBsb2Fkc1wvMjAyNFwvMDlcL1dlZGRpbmdwbGFubmVyLVNjaHdlaXotV2VkZGluZ3MtU2Nod2Vpei1TYWVudGlzLVdpbnRlcmhvY2h6ZWl0LTcwLmpwZyIsInNsaWRlc2hvdyI6IjMzYmUyOWUyIn0%3D\">\n\t\t\t\t\t<div class=\"e-gallery-image elementor-gallery-item__image\" data-thumbnail=\"https:\/\/dw-weddings.com\/wp-content\/uploads\/2024\/09\/Weddingplanner-Schweiz-Weddings-Schweiz-Saentis-Winterhochzeit-70-768x432.jpg\" data-width=\"768\" data-height=\"432\" aria-label=\"Ein Kerzenst\u00e4nder aus Messing mit einer dunkelroten Kerze und getrockneten Blumen verleiht dem Tisch f\u00fcr das Hochzeitswochenende in S\u00fcdtirol, der mit einer wei\u00dfen Tischdecke gedeckt ist, einen besonderen Charme.\" role=\"img\" ><\/div>\n\t\t\t\t\t\t\t\t\t\t\t<div class=\"elementor-gallery-item__overlay\"><\/div>\n\t\t\t\t\t\t\t\t\t\t\t\t\t\t<\/a>\n\t\t\t\t\t\t\t<a class=\"e-gallery-item elementor-gallery-item elementor-animated-content\" href=\"https:\/\/dw-weddings.com\/wp-content\/uploads\/2024\/09\/Weddingplanner-Schweiz-Weddings-Schweiz-Saentis-Winterhochzeit-82.jpg\" data-elementor-open-lightbox=\"yes\" data-elementor-lightbox-slideshow=\"33be29e2\" data-elementor-lightbox-title=\"Weddingplanner Schweiz, Weddings Schweiz, S\u00e4ntis, Winterhochzeit (82)\" data-e-action-hash=\"#elementor-action%3Aaction%3Dlightbox%26settings%3DeyJpZCI6MjU4OCwidXJsIjoiaHR0cHM6XC9cL2R3LXdlZGRpbmdzLmNvbVwvd3AtY29udGVudFwvdXBsb2Fkc1wvMjAyNFwvMDlcL1dlZGRpbmdwbGFubmVyLVNjaHdlaXotV2VkZGluZ3MtU2Nod2Vpei1TYWVudGlzLVdpbnRlcmhvY2h6ZWl0LTgyLmpwZyIsInNsaWRlc2hvdyI6IjMzYmUyOWUyIn0%3D\">\n\t\t\t\t\t<div class=\"e-gallery-image elementor-gallery-item__image\" data-thumbnail=\"https:\/\/dw-weddings.com\/wp-content\/uploads\/2024\/09\/Weddingplanner-Schweiz-Weddings-Schweiz-Saentis-Winterhochzeit-82-768x1151.jpg\" data-width=\"768\" data-height=\"1151\" aria-label=\"Braunglasvase mit getrockneten Gr\u00e4sern und roten Beeren auf einem Tisch, daneben leere Weingl\u00e4ser - die perfekte Dekoration f\u00fcr ein elegantes Hochzeitswochenende in \u00d6sterreich oder S\u00fcdtirol.\" role=\"img\" ><\/div>\n\t\t\t\t\t\t\t\t\t\t\t<div class=\"elementor-gallery-item__overlay\"><\/div>\n\t\t\t\t\t\t\t\t\t\t\t\t\t\t<\/a>\n\t\t\t\t\t\t\t<a class=\"e-gallery-item elementor-gallery-item elementor-animated-content\" href=\"https:\/\/dw-weddings.com\/wp-content\/uploads\/2024\/09\/Weddingplanner-Schweiz-Weddings-Schweiz-Saentis-Winterhochzeit-447.jpg\" data-elementor-open-lightbox=\"yes\" data-elementor-lightbox-slideshow=\"33be29e2\" data-elementor-lightbox-title=\"Weddingplanner Schweiz, Weddings Schweiz, S\u00e4ntis, Winterhochzeit (447)\" data-e-action-hash=\"#elementor-action%3Aaction%3Dlightbox%26settings%3DeyJpZCI6MjYxMSwidXJsIjoiaHR0cHM6XC9cL2R3LXdlZGRpbmdzLmNvbVwvd3AtY29udGVudFwvdXBsb2Fkc1wvMjAyNFwvMDlcL1dlZGRpbmdwbGFubmVyLVNjaHdlaXotV2VkZGluZ3MtU2Nod2Vpei1TYWVudGlzLVdpbnRlcmhvY2h6ZWl0LTQ0Ny5qcGciLCJzbGlkZXNob3ciOiIzM2JlMjllMiJ9\">\n\t\t\t\t\t<div class=\"e-gallery-image elementor-gallery-item__image\" data-thumbnail=\"https:\/\/dw-weddings.com\/wp-content\/uploads\/2024\/09\/Weddingplanner-Schweiz-Weddings-Schweiz-Saentis-Winterhochzeit-447-768x512.jpg\" data-width=\"768\" data-height=\"512\" aria-label=\"Ein Paar l\u00e4chelt und lacht, h\u00e4lt Gl\u00e4ser mit Rotwein in einem fr\u00f6hlichen, intimen Moment - und f\u00e4ngt damit die Romantik eines Hochzeitswochenendes in der malerischen Bodenseeregion ein.\" role=\"img\" ><\/div>\n\t\t\t\t\t\t\t\t\t\t\t<div class=\"elementor-gallery-item__overlay\"><\/div>\n\t\t\t\t\t\t\t\t\t\t\t\t\t\t<\/a>\n\t\t\t\t\t\t\t<a class=\"e-gallery-item elementor-gallery-item elementor-animated-content\" href=\"https:\/\/dw-weddings.com\/wp-content\/uploads\/2024\/09\/Weddingplanner-Schweiz-Weddings-Schweiz-Saentis-Winterhochzeit-473.jpg\" data-elementor-open-lightbox=\"yes\" data-elementor-lightbox-slideshow=\"33be29e2\" data-elementor-lightbox-title=\"Weddingplanner Schweiz, Weddings Schweiz, S\u00e4ntis, Winterhochzeit (473)\" data-e-action-hash=\"#elementor-action%3Aaction%3Dlightbox%26settings%3DeyJpZCI6MjYxMywidXJsIjoiaHR0cHM6XC9cL2R3LXdlZGRpbmdzLmNvbVwvd3AtY29udGVudFwvdXBsb2Fkc1wvMjAyNFwvMDlcL1dlZGRpbmdwbGFubmVyLVNjaHdlaXotV2VkZGluZ3MtU2Nod2Vpei1TYWVudGlzLVdpbnRlcmhvY2h6ZWl0LTQ3My5qcGciLCJzbGlkZXNob3ciOiIzM2JlMjllMiJ9\">\n\t\t\t\t\t<div class=\"e-gallery-image elementor-gallery-item__image\" data-thumbnail=\"https:\/\/dw-weddings.com\/wp-content\/uploads\/2024\/09\/Weddingplanner-Schweiz-Weddings-Schweiz-Saentis-Winterhochzeit-473-768x1151.jpg\" data-width=\"768\" data-height=\"1151\" aria-label=\"Eine Frau in einem wei\u00dfen Kleid trinkt Wein am Fenster, ihr Spiegelbild ist im Glas zu sehen - ein heiterer Moment an einem Hochzeitswochenende in der malerischen Bodenseeregion.\" role=\"img\" ><\/div>\n\t\t\t\t\t\t\t\t\t\t\t<div class=\"elementor-gallery-item__overlay\"><\/div>\n\t\t\t\t\t\t\t\t\t\t\t\t\t\t<\/a>\n\t\t\t\t\t\t\t<a class=\"e-gallery-item elementor-gallery-item elementor-animated-content\" href=\"https:\/\/dw-weddings.com\/wp-content\/uploads\/2024\/09\/Weddinplanner-Schweiz-Weddings-Schweiz-Saentis-Winterhochzeit-497.jpg\" data-elementor-open-lightbox=\"yes\" data-elementor-lightbox-slideshow=\"33be29e2\" data-elementor-lightbox-title=\"Weddinplanner Schweiz, Weddings Schweiz, S\u00e4ntis, Winterhochzeit (497)\" data-e-action-hash=\"#elementor-action%3Aaction%3Dlightbox%26settings%3DeyJpZCI6MjU2MSwidXJsIjoiaHR0cHM6XC9cL2R3LXdlZGRpbmdzLmNvbVwvd3AtY29udGVudFwvdXBsb2Fkc1wvMjAyNFwvMDlcL1dlZGRpbnBsYW5uZXItU2Nod2Vpei1XZWRkaW5ncy1TY2h3ZWl6LVNhZW50aXMtV2ludGVyaG9jaHplaXQtNDk3LmpwZyIsInNsaWRlc2hvdyI6IjMzYmUyOWUyIn0%3D\">\n\t\t\t\t\t<div class=\"e-gallery-image elementor-gallery-item__image\" data-thumbnail=\"https:\/\/dw-weddings.com\/wp-content\/uploads\/2024\/09\/Weddinplanner-Schweiz-Weddings-Schweiz-Saentis-Winterhochzeit-497-768x1151.jpg\" data-width=\"768\" data-height=\"1151\" aria-label=\"Ein fr\u00f6hliches Paar in Hochzeitskleidung steht an einem Fenster mit verschneiten Bergen in S\u00fcdtirol, h\u00e4lt Weingl\u00e4ser in der Hand und l\u00e4chelt - und f\u00e4ngt den Zauber ihres Hochzeitswochenendes ein.\" role=\"img\" ><\/div>\n\t\t\t\t\t\t\t\t\t\t\t<div class=\"elementor-gallery-item__overlay\"><\/div>\n\t\t\t\t\t\t\t\t\t\t\t\t\t\t<\/a>\n\t\t\t\t\t\t\t<a class=\"e-gallery-item elementor-gallery-item elementor-animated-content\" href=\"https:\/\/dw-weddings.com\/wp-content\/uploads\/2024\/09\/Weddingplanner-Schweiz-Weddings-Schweiz-Saentis-Winterhochzeit-128.jpg\" data-elementor-open-lightbox=\"yes\" data-elementor-lightbox-slideshow=\"33be29e2\" data-elementor-lightbox-title=\"Weddingplanner Schweiz, Weddings Schweiz, S\u00e4ntis, Winterhochzeit (128)\" data-e-action-hash=\"#elementor-action%3Aaction%3Dlightbox%26settings%3DeyJpZCI6MjU5MiwidXJsIjoiaHR0cHM6XC9cL2R3LXdlZGRpbmdzLmNvbVwvd3AtY29udGVudFwvdXBsb2Fkc1wvMjAyNFwvMDlcL1dlZGRpbmdwbGFubmVyLVNjaHdlaXotV2VkZGluZ3MtU2Nod2Vpei1TYWVudGlzLVdpbnRlcmhvY2h6ZWl0LTEyOC5qcGciLCJzbGlkZXNob3ciOiIzM2JlMjllMiJ9\">\n\t\t\t\t\t<div class=\"e-gallery-image elementor-gallery-item__image\" data-thumbnail=\"https:\/\/dw-weddings.com\/wp-content\/uploads\/2024\/09\/Weddingplanner-Schweiz-Weddings-Schweiz-Saentis-Winterhochzeit-128-768x1151.jpg\" data-width=\"768\" data-height=\"1151\" aria-label=\"Die Braut im wei\u00dfen Kleid lacht mit dem Br\u00e4utigam im schwarzen Anzug vor einem beleuchteten Weihnachtsbaum mit roten Ornamenten w\u00e4hrend ihres zauberhaften Hochzeitswochenendes.\" role=\"img\" ><\/div>\n\t\t\t\t\t\t\t\t\t\t\t<div class=\"elementor-gallery-item__overlay\"><\/div>\n\t\t\t\t\t\t\t\t\t\t\t\t\t\t<\/a>\n\t\t\t\t\t\t\t<a class=\"e-gallery-item elementor-gallery-item elementor-animated-content\" href=\"https:\/\/dw-weddings.com\/wp-content\/uploads\/2024\/09\/Weddingplanner-Schweiz-Weddings-Schweiz-Saentis-Winterhochzeit-75.jpg\" data-elementor-open-lightbox=\"yes\" data-elementor-lightbox-slideshow=\"33be29e2\" data-elementor-lightbox-title=\"Weddingplanner Schweiz, Weddings Schweiz, S\u00e4ntis, Winterhochzeit (75)\" data-e-action-hash=\"#elementor-action%3Aaction%3Dlightbox%26settings%3DeyJpZCI6MjU4NywidXJsIjoiaHR0cHM6XC9cL2R3LXdlZGRpbmdzLmNvbVwvd3AtY29udGVudFwvdXBsb2Fkc1wvMjAyNFwvMDlcL1dlZGRpbmdwbGFubmVyLVNjaHdlaXotV2VkZGluZ3MtU2Nod2Vpei1TYWVudGlzLVdpbnRlcmhvY2h6ZWl0LTc1LmpwZyIsInNsaWRlc2hvdyI6IjMzYmUyOWUyIn0%3D\">\n\t\t\t\t\t<div class=\"e-gallery-image elementor-gallery-item__image\" data-thumbnail=\"https:\/\/dw-weddings.com\/wp-content\/uploads\/2024\/09\/Weddingplanner-Schweiz-Weddings-Schweiz-Saentis-Winterhochzeit-75-768x1151.jpg\" data-width=\"768\" data-height=\"1151\" aria-label=\"Schneebedeckte Tannenb\u00e4ume in einem Wald unter blauem Himmel, betrachtet von einem Fensterrahmen auf der linken Seite, erinnern an den heiteren Charme S\u00fcdtirols.\" role=\"img\" ><\/div>\n\t\t\t\t\t\t\t\t\t\t\t<div class=\"elementor-gallery-item__overlay\"><\/div>\n\t\t\t\t\t\t\t\t\t\t\t\t\t\t<\/a>\n\t\t\t\t\t\t\t<a class=\"e-gallery-item elementor-gallery-item elementor-animated-content\" href=\"https:\/\/dw-weddings.com\/wp-content\/uploads\/2024\/09\/Weddingplanner-Schweiz-Weddings-Schweiz-Saentis-Winterhochzeit-220.jpg\" data-elementor-open-lightbox=\"yes\" data-elementor-lightbox-slideshow=\"33be29e2\" data-elementor-lightbox-title=\"Weddingplanner Schweiz, Weddings Schweiz, S\u00e4ntis, Winterhochzeit (220)\" data-e-action-hash=\"#elementor-action%3Aaction%3Dlightbox%26settings%3DeyJpZCI6MjYwMCwidXJsIjoiaHR0cHM6XC9cL2R3LXdlZGRpbmdzLmNvbVwvd3AtY29udGVudFwvdXBsb2Fkc1wvMjAyNFwvMDlcL1dlZGRpbmdwbGFubmVyLVNjaHdlaXotV2VkZGluZ3MtU2Nod2Vpei1TYWVudGlzLVdpbnRlcmhvY2h6ZWl0LTIyMC5qcGciLCJzbGlkZXNob3ciOiIzM2JlMjllMiJ9\">\n\t\t\t\t\t<div class=\"e-gallery-image elementor-gallery-item__image\" data-thumbnail=\"https:\/\/dw-weddings.com\/wp-content\/uploads\/2024\/09\/Weddingplanner-Schweiz-Weddings-Schweiz-Saentis-Winterhochzeit-220-768x1151.jpg\" data-width=\"768\" data-height=\"1151\" aria-label=\"Eine Braut in einem wei\u00dfen Kleid h\u00e4lt einen Blumenstrau\u00df und geht auf einen Mann in einem verschneiten Wald zu, der ihr unvergessliches Hochzeitswochenende in S\u00fcdtirol beginnt.\" role=\"img\" ><\/div>\n\t\t\t\t\t\t\t\t\t\t\t<div class=\"elementor-gallery-item__overlay\"><\/div>\n\t\t\t\t\t\t\t\t\t\t\t\t\t\t<\/a>\n\t\t\t\t\t\t\t<a class=\"e-gallery-item elementor-gallery-item elementor-animated-content\" href=\"https:\/\/dw-weddings.com\/wp-content\/uploads\/2024\/09\/Weddingplanner-Schweiz-Weddings-Schweiz-Saentis-Winterhochzeit-195.jpg\" data-elementor-open-lightbox=\"yes\" data-elementor-lightbox-slideshow=\"33be29e2\" data-elementor-lightbox-title=\"Weddingplanner Schweiz, Weddings Schweiz, S\u00e4ntis, Winterhochzeit (195)\" data-e-action-hash=\"#elementor-action%3Aaction%3Dlightbox%26settings%3DeyJpZCI6MjU5NiwidXJsIjoiaHR0cHM6XC9cL2R3LXdlZGRpbmdzLmNvbVwvd3AtY29udGVudFwvdXBsb2Fkc1wvMjAyNFwvMDlcL1dlZGRpbmdwbGFubmVyLVNjaHdlaXotV2VkZGluZ3MtU2Nod2Vpei1TYWVudGlzLVdpbnRlcmhvY2h6ZWl0LTE5NS5qcGciLCJzbGlkZXNob3ciOiIzM2JlMjllMiJ9\">\n\t\t\t\t\t<div class=\"e-gallery-image elementor-gallery-item__image\" data-thumbnail=\"https:\/\/dw-weddings.com\/wp-content\/uploads\/2024\/09\/Weddingplanner-Schweiz-Weddings-Schweiz-Saentis-Winterhochzeit-195-768x1151.jpg\" data-width=\"768\" data-height=\"1151\" aria-label=\"Braut und Br\u00e4utigam umarmen sich in einer verschneiten S\u00fcdtiroler Landschaft; die Braut h\u00e4lt den Blumenstrau\u00df, der Br\u00e4utigam die Laterne.\" role=\"img\" ><\/div>\n\t\t\t\t\t\t\t\t\t\t\t<div class=\"elementor-gallery-item__overlay\"><\/div>\n\t\t\t\t\t\t\t\t\t\t\t\t\t\t<\/a>\n\t\t\t\t\t\t\t<a class=\"e-gallery-item elementor-gallery-item elementor-animated-content\" href=\"https:\/\/dw-weddings.com\/wp-content\/uploads\/2024\/09\/Weddingplanner-Schweiz-Weddings-Schweiz-Saentis-Winterhochzeit-549.jpg\" data-elementor-open-lightbox=\"yes\" data-elementor-lightbox-slideshow=\"33be29e2\" data-elementor-lightbox-title=\"Weddingplanner Schweiz, Weddings Schweiz, S\u00e4ntis, Winterhochzeit (549)\" data-e-action-hash=\"#elementor-action%3Aaction%3Dlightbox%26settings%3DeyJpZCI6MjYxNiwidXJsIjoiaHR0cHM6XC9cL2R3LXdlZGRpbmdzLmNvbVwvd3AtY29udGVudFwvdXBsb2Fkc1wvMjAyNFwvMDlcL1dlZGRpbmdwbGFubmVyLVNjaHdlaXotV2VkZGluZ3MtU2Nod2Vpei1TYWVudGlzLVdpbnRlcmhvY2h6ZWl0LTU0OS5qcGciLCJzbGlkZXNob3ciOiIzM2JlMjllMiJ9\">\n\t\t\t\t\t<div class=\"e-gallery-image elementor-gallery-item__image\" data-thumbnail=\"https:\/\/dw-weddings.com\/wp-content\/uploads\/2024\/09\/Weddingplanner-Schweiz-Weddings-Schweiz-Saentis-Winterhochzeit-549-768x512.jpg\" data-width=\"768\" data-height=\"512\" aria-label=\"Ein Paar in Hochzeitskleidung umarmt sich an einer rustikalen Holzh\u00fctte in einer verschneiten Berglandschaft, perfekt f\u00fcr ein romantisches Hochzeitswochenende in der reizvollen Bodenseeregion.\" role=\"img\" ><\/div>\n\t\t\t\t\t\t\t\t\t\t\t<div class=\"elementor-gallery-item__overlay\"><\/div>\n\t\t\t\t\t\t\t\t\t\t\t\t\t\t<\/a>\n\t\t\t\t\t\t\t<a class=\"e-gallery-item elementor-gallery-item elementor-animated-content\" href=\"https:\/\/dw-weddings.com\/wp-content\/uploads\/2024\/09\/Weddinplanner-Schweiz-Weddings-Schweiz-Saentis-Winterhochzeit-607.jpg\" data-elementor-open-lightbox=\"yes\" data-elementor-lightbox-slideshow=\"33be29e2\" data-elementor-lightbox-title=\"Weddinplanner Schweiz, Weddings Schweiz, S\u00e4ntis, Winterhochzeit (607)\" data-e-action-hash=\"#elementor-action%3Aaction%3Dlightbox%26settings%3DeyJpZCI6MjU3MiwidXJsIjoiaHR0cHM6XC9cL2R3LXdlZGRpbmdzLmNvbVwvd3AtY29udGVudFwvdXBsb2Fkc1wvMjAyNFwvMDlcL1dlZGRpbnBsYW5uZXItU2Nod2Vpei1XZWRkaW5ncy1TY2h3ZWl6LVNhZW50aXMtV2ludGVyaG9jaHplaXQtNjA3LmpwZyIsInNsaWRlc2hvdyI6IjMzYmUyOWUyIn0%3D\">\n\t\t\t\t\t<div class=\"e-gallery-image elementor-gallery-item__image\" data-thumbnail=\"https:\/\/dw-weddings.com\/wp-content\/uploads\/2024\/09\/Weddinplanner-Schweiz-Weddings-Schweiz-Saentis-Winterhochzeit-607-768x512.jpg\" data-width=\"768\" data-height=\"512\" aria-label=\"Braut, Br\u00e4utigam und Gast l\u00e4chelnd in verschneiter Landschaft in der Schweiz, mit Blumenstrau\u00df und Laterne in der Hand, mit Holzh\u00fctten dahinter - perfekt f\u00fcr ein unvergessliches Hochzeitswochenende.\" role=\"img\" ><\/div>\n\t\t\t\t\t\t\t\t\t\t\t<div class=\"elementor-gallery-item__overlay\"><\/div>\n\t\t\t\t\t\t\t\t\t\t\t\t\t\t<\/a>\n\t\t\t\t\t\t\t<a class=\"e-gallery-item elementor-gallery-item elementor-animated-content\" href=\"https:\/\/dw-weddings.com\/wp-content\/uploads\/2024\/09\/Weddinplanner-Schweiz-Weddings-Schweiz-Saentis-Winterhochzeit-572.jpg\" data-elementor-open-lightbox=\"yes\" data-elementor-lightbox-slideshow=\"33be29e2\" data-elementor-lightbox-title=\"Weddinplanner Schweiz, Weddings Schweiz, S\u00e4ntis, Winterhochzeit (572)\" data-e-action-hash=\"#elementor-action%3Aaction%3Dlightbox%26settings%3DeyJpZCI6MjU2MywidXJsIjoiaHR0cHM6XC9cL2R3LXdlZGRpbmdzLmNvbVwvd3AtY29udGVudFwvdXBsb2Fkc1wvMjAyNFwvMDlcL1dlZGRpbnBsYW5uZXItU2Nod2Vpei1XZWRkaW5ncy1TY2h3ZWl6LVNhZW50aXMtV2ludGVyaG9jaHplaXQtNTcyLmpwZyIsInNsaWRlc2hvdyI6IjMzYmUyOWUyIn0%3D\">\n\t\t\t\t\t<div class=\"e-gallery-image elementor-gallery-item__image\" data-thumbnail=\"https:\/\/dw-weddings.com\/wp-content\/uploads\/2024\/09\/Weddinplanner-Schweiz-Weddings-Schweiz-Saentis-Winterhochzeit-572-768x1151.jpg\" data-width=\"768\" data-height=\"1151\" aria-label=\"Braut und Br\u00e4utigam l\u00e4cheln zusammen im Schnee bei einer rustikalen Holzh\u00fctte mit Tannen im Hintergrund, w\u00e4hrend sie ihr Hochzeitswochenende in der malerischen Bodensee-Region genie\u00dfen.\" role=\"img\" ><\/div>\n\t\t\t\t\t\t\t\t\t\t\t<div class=\"elementor-gallery-item__overlay\"><\/div>\n\t\t\t\t\t\t\t\t\t\t\t\t\t\t<\/a>\n\t\t\t\t\t\t\t<a class=\"e-gallery-item elementor-gallery-item elementor-animated-content\" href=\"https:\/\/dw-weddings.com\/wp-content\/uploads\/2024\/09\/Weddingplanner-Schweiz-Weddings-Schweiz-Saentis-Winterhochzeit-543.jpg\" data-elementor-open-lightbox=\"yes\" data-elementor-lightbox-slideshow=\"33be29e2\" data-elementor-lightbox-title=\"Weddingplanner Schweiz, Weddings Schweiz, S\u00e4ntis, Winterhochzeit (543)\" data-e-action-hash=\"#elementor-action%3Aaction%3Dlightbox%26settings%3DeyJpZCI6MjYxNSwidXJsIjoiaHR0cHM6XC9cL2R3LXdlZGRpbmdzLmNvbVwvd3AtY29udGVudFwvdXBsb2Fkc1wvMjAyNFwvMDlcL1dlZGRpbmdwbGFubmVyLVNjaHdlaXotV2VkZGluZ3MtU2Nod2Vpei1TYWVudGlzLVdpbnRlcmhvY2h6ZWl0LTU0My5qcGciLCJzbGlkZXNob3ciOiIzM2JlMjllMiJ9\">\n\t\t\t\t\t<div class=\"e-gallery-image elementor-gallery-item__image\" data-thumbnail=\"https:\/\/dw-weddings.com\/wp-content\/uploads\/2024\/09\/Weddingplanner-Schweiz-Weddings-Schweiz-Saentis-Winterhochzeit-543-768x512.jpg\" data-width=\"768\" data-height=\"512\" aria-label=\"Braut und Br\u00e4utigam l\u00e4cheln vor einem rustikalen Holzhaus in S\u00fcdtirol, mit Laterne und Blumenstrau\u00df in der Hand, an einem verschneiten Tag - der perfekte Start in ihr Hochzeitswochenende.\" role=\"img\" ><\/div>\n\t\t\t\t\t\t\t\t\t\t\t<div class=\"elementor-gallery-item__overlay\"><\/div>\n\t\t\t\t\t\t\t\t\t\t\t\t\t\t<\/a>\n\t\t\t\t\t\t\t<a class=\"e-gallery-item elementor-gallery-item elementor-animated-content\" href=\"https:\/\/dw-weddings.com\/wp-content\/uploads\/2024\/09\/Weddingplanner-Schweiz-Weddings-Schweiz-Saentis-Winterhochzeit-652.jpg\" data-elementor-open-lightbox=\"yes\" data-elementor-lightbox-slideshow=\"33be29e2\" data-elementor-lightbox-title=\"Weddingplanner Schweiz, Weddings Schweiz, S\u00e4ntis, Winterhochzeit (652)\" data-e-action-hash=\"#elementor-action%3Aaction%3Dlightbox%26settings%3DeyJpZCI6MjU3MywidXJsIjoiaHR0cHM6XC9cL2R3LXdlZGRpbmdzLmNvbVwvd3AtY29udGVudFwvdXBsb2Fkc1wvMjAyNFwvMDlcL1dlZGRpbmdwbGFubmVyLVNjaHdlaXotV2VkZGluZ3MtU2Nod2Vpei1TYWVudGlzLVdpbnRlcmhvY2h6ZWl0LTY1Mi5qcGciLCJzbGlkZXNob3ciOiIzM2JlMjllMiJ9\">\n\t\t\t\t\t<div class=\"e-gallery-image elementor-gallery-item__image\" data-thumbnail=\"https:\/\/dw-weddings.com\/wp-content\/uploads\/2024\/09\/Weddingplanner-Schweiz-Weddings-Schweiz-Saentis-Winterhochzeit-652-768x960.jpg\" data-width=\"768\" data-height=\"960\" aria-label=\"Ein Paar umarmt sich und l\u00e4chelt freudig in der malerischen Bodensee-Region; die Frau h\u00e4lt einen Blumenstrau\u00df.\" role=\"img\" ><\/div>\n\t\t\t\t\t\t\t\t\t\t\t<div class=\"elementor-gallery-item__overlay\"><\/div>\n\t\t\t\t\t\t\t\t\t\t\t\t\t\t<\/a>\n\t\t\t\t\t\t\t<a class=\"e-gallery-item elementor-gallery-item elementor-animated-content\" href=\"https:\/\/dw-weddings.com\/wp-content\/uploads\/2024\/09\/Weddingplanner-Schweiz-Weddings-Schweiz-Saentis-Winterhochzeit-689.jpg\" data-elementor-open-lightbox=\"yes\" data-elementor-lightbox-slideshow=\"33be29e2\" data-elementor-lightbox-title=\"Weddingplanner Schweiz, Weddings Schweiz, S\u00e4ntis, Winterhochzeit (689)\" data-e-action-hash=\"#elementor-action%3Aaction%3Dlightbox%26settings%3DeyJpZCI6MjU3NCwidXJsIjoiaHR0cHM6XC9cL2R3LXdlZGRpbmdzLmNvbVwvd3AtY29udGVudFwvdXBsb2Fkc1wvMjAyNFwvMDlcL1dlZGRpbmdwbGFubmVyLVNjaHdlaXotV2VkZGluZ3MtU2Nod2Vpei1TYWVudGlzLVdpbnRlcmhvY2h6ZWl0LTY4OS5qcGciLCJzbGlkZXNob3ciOiIzM2JlMjllMiJ9\">\n\t\t\t\t\t<div class=\"e-gallery-image elementor-gallery-item__image\" data-thumbnail=\"https:\/\/dw-weddings.com\/wp-content\/uploads\/2024\/09\/Weddingplanner-Schweiz-Weddings-Schweiz-Saentis-Winterhochzeit-689-768x1151.jpg\" data-width=\"768\" data-height=\"1151\" aria-label=\"Braut und Br\u00e4utigam in einem verschneiten Wald in der N\u00e4he der Bodenseeregion, mit einer Laterne in der Hand, mit zwei Hunden vor ihnen - magische Momente ihres Hochzeitswochenendes in \u00d6sterreich eingefangen.\" role=\"img\" ><\/div>\n\t\t\t\t\t\t\t\t\t\t\t<div class=\"elementor-gallery-item__overlay\"><\/div>\n\t\t\t\t\t\t\t\t\t\t\t\t\t\t<\/a>\n\t\t\t\t\t\t\t<a class=\"e-gallery-item elementor-gallery-item elementor-animated-content\" href=\"https:\/\/dw-weddings.com\/wp-content\/uploads\/2024\/09\/Weddingplanner-Schweiz-Weddings-Schweiz-Saentis-Winterhochzeit-693.jpg\" data-elementor-open-lightbox=\"yes\" data-elementor-lightbox-slideshow=\"33be29e2\" data-elementor-lightbox-title=\"Weddingplanner Schweiz, Weddings Schweiz, S\u00e4ntis, Winterhochzeit (693)\" data-e-action-hash=\"#elementor-action%3Aaction%3Dlightbox%26settings%3DeyJpZCI6MjU3NSwidXJsIjoiaHR0cHM6XC9cL2R3LXdlZGRpbmdzLmNvbVwvd3AtY29udGVudFwvdXBsb2Fkc1wvMjAyNFwvMDlcL1dlZGRpbmdwbGFubmVyLVNjaHdlaXotV2VkZGluZ3MtU2Nod2Vpei1TYWVudGlzLVdpbnRlcmhvY2h6ZWl0LTY5My5qcGciLCJzbGlkZXNob3ciOiIzM2JlMjllMiJ9\">\n\t\t\t\t\t<div class=\"e-gallery-image elementor-gallery-item__image\" data-thumbnail=\"https:\/\/dw-weddings.com\/wp-content\/uploads\/2024\/09\/Weddingplanner-Schweiz-Weddings-Schweiz-Saentis-Winterhochzeit-693-768x512.jpg\" data-width=\"768\" data-height=\"512\" aria-label=\"Ein Paar in Winterkleidung h\u00e4lt eine Laterne und einen Blumenstrau\u00df und steht dicht beieinander in einer verschneiten Umgebung w\u00e4hrend seines Hochzeitswochenendes in der malerischen Bodensee-Region.\" role=\"img\" ><\/div>\n\t\t\t\t\t\t\t\t\t\t\t<div class=\"elementor-gallery-item__overlay\"><\/div>\n\t\t\t\t\t\t\t\t\t\t\t\t\t\t<\/a>\n\t\t\t\t\t\t\t<a class=\"e-gallery-item elementor-gallery-item elementor-animated-content\" href=\"https:\/\/dw-weddings.com\/wp-content\/uploads\/2024\/09\/Weddingplanner-Schweiz-Weddings-Schweiz-Saentis-Winterhochzeit-722.jpg\" data-elementor-open-lightbox=\"yes\" data-elementor-lightbox-slideshow=\"33be29e2\" data-elementor-lightbox-title=\"Weddingplanner Schweiz, Weddings Schweiz, S\u00e4ntis, Winterhochzeit (722)\" data-e-action-hash=\"#elementor-action%3Aaction%3Dlightbox%26settings%3DeyJpZCI6MjU3NiwidXJsIjoiaHR0cHM6XC9cL2R3LXdlZGRpbmdzLmNvbVwvd3AtY29udGVudFwvdXBsb2Fkc1wvMjAyNFwvMDlcL1dlZGRpbmdwbGFubmVyLVNjaHdlaXotV2VkZGluZ3MtU2Nod2Vpei1TYWVudGlzLVdpbnRlcmhvY2h6ZWl0LTcyMi5qcGciLCJzbGlkZXNob3ciOiIzM2JlMjllMiJ9\">\n\t\t\t\t\t<div class=\"e-gallery-image elementor-gallery-item__image\" data-thumbnail=\"https:\/\/dw-weddings.com\/wp-content\/uploads\/2024\/09\/Weddingplanner-Schweiz-Weddings-Schweiz-Saentis-Winterhochzeit-722-768x1151.jpg\" data-width=\"768\" data-height=\"1151\" aria-label=\"Ein fr\u00f6hliches Paar im Winter mit Wunderkerzen in der N\u00e4he der Bodenseeregion; die Frau tr\u00e4gt ein wei\u00dfes Kleid, der Mann einen Mantel.\" role=\"img\" ><\/div>\n\t\t\t\t\t\t\t\t\t\t\t<div class=\"elementor-gallery-item__overlay\"><\/div>\n\t\t\t\t\t\t\t\t\t\t\t\t\t\t<\/a>\n\t\t\t\t\t\t\t<a class=\"e-gallery-item elementor-gallery-item elementor-animated-content\" href=\"https:\/\/dw-weddings.com\/wp-content\/uploads\/2024\/09\/Weddingplanner-Schweiz-Weddings-Schweiz-Saentis-Winterhochzeit-295.jpg\" data-elementor-open-lightbox=\"yes\" data-elementor-lightbox-slideshow=\"33be29e2\" data-elementor-lightbox-title=\"Weddingplanner Schweiz, Weddings Schweiz, S\u00e4ntis, Winterhochzeit (295)\" data-e-action-hash=\"#elementor-action%3Aaction%3Dlightbox%26settings%3DeyJpZCI6MjYwNCwidXJsIjoiaHR0cHM6XC9cL2R3LXdlZGRpbmdzLmNvbVwvd3AtY29udGVudFwvdXBsb2Fkc1wvMjAyNFwvMDlcL1dlZGRpbmdwbGFubmVyLVNjaHdlaXotV2VkZGluZ3MtU2Nod2Vpei1TYWVudGlzLVdpbnRlcmhvY2h6ZWl0LTI5NS5qcGciLCJzbGlkZXNob3ciOiIzM2JlMjllMiJ9\">\n\t\t\t\t\t<div class=\"e-gallery-image elementor-gallery-item__image\" data-thumbnail=\"https:\/\/dw-weddings.com\/wp-content\/uploads\/2024\/09\/Weddingplanner-Schweiz-Weddings-Schweiz-Saentis-Winterhochzeit-295-768x1151.jpg\" data-width=\"768\" data-height=\"1151\" aria-label=\"Ein Paar in Winterkleidung umarmt sich und l\u00e4chelt, w\u00e4hrend es in einer verschneiten Umgebung mit einer Laterne zusammensteht - perfekt f\u00fcr ein romantisches Hochzeitswochenende in \u00d6sterreich oder der Schweiz.\" role=\"img\" ><\/div>\n\t\t\t\t\t\t\t\t\t\t\t<div class=\"elementor-gallery-item__overlay\"><\/div>\n\t\t\t\t\t\t\t\t\t\t\t\t\t\t<\/a>\n\t\t\t\t\t\t\t<a class=\"e-gallery-item elementor-gallery-item elementor-animated-content\" href=\"https:\/\/dw-weddings.com\/wp-content\/uploads\/2024\/09\/Weddingplanner-Schweiz-Weddings-Schweiz-Saentis-Winterhochzeit-727.jpg\" data-elementor-open-lightbox=\"yes\" data-elementor-lightbox-slideshow=\"33be29e2\" data-elementor-lightbox-title=\"Weddingplanner Schweiz, Weddings Schweiz, S\u00e4ntis, Winterhochzeit (727)\" data-e-action-hash=\"#elementor-action%3Aaction%3Dlightbox%26settings%3DeyJpZCI6MjU3NywidXJsIjoiaHR0cHM6XC9cL2R3LXdlZGRpbmdzLmNvbVwvd3AtY29udGVudFwvdXBsb2Fkc1wvMjAyNFwvMDlcL1dlZGRpbmdwbGFubmVyLVNjaHdlaXotV2VkZGluZ3MtU2Nod2Vpei1TYWVudGlzLVdpbnRlcmhvY2h6ZWl0LTcyNy5qcGciLCJzbGlkZXNob3ciOiIzM2JlMjllMiJ9\">\n\t\t\t\t\t<div class=\"e-gallery-image elementor-gallery-item__image\" data-thumbnail=\"https:\/\/dw-weddings.com\/wp-content\/uploads\/2024\/09\/Weddingplanner-Schweiz-Weddings-Schweiz-Saentis-Winterhochzeit-727-768x512.jpg\" data-width=\"768\" data-height=\"512\" aria-label=\"Ein l\u00e4chelndes Paar, das im Freien Wunderkerzen in der Hand h\u00e4lt, mit einem winterlichen Hintergrund und einem gr\u00fcnen Blumenstrau\u00df - die perfekte Inspiration f\u00fcr ein Hochzeitswochenende in der Bodensee-Region oder \u00d6sterreich.\" role=\"img\" ><\/div>\n\t\t\t\t\t\t\t\t\t\t\t<div class=\"elementor-gallery-item__overlay\"><\/div>\n\t\t\t\t\t\t\t\t\t\t\t\t\t\t<\/a>\n\t\t\t\t\t\t\t<a class=\"e-gallery-item elementor-gallery-item elementor-animated-content\" href=\"https:\/\/dw-weddings.com\/wp-content\/uploads\/2024\/09\/Weddingplanner-Schweiz-Weddings-Schweiz-Saentis-Winterhochzeit-623.jpg\" data-elementor-open-lightbox=\"yes\" data-elementor-lightbox-slideshow=\"33be29e2\" data-elementor-lightbox-title=\"Weddingplanner Schweiz, Weddings Schweiz, S\u00e4ntis, Winterhochzeit (623)\" data-e-action-hash=\"#elementor-action%3Aaction%3Dlightbox%26settings%3DeyJpZCI6MjYxOCwidXJsIjoiaHR0cHM6XC9cL2R3LXdlZGRpbmdzLmNvbVwvd3AtY29udGVudFwvdXBsb2Fkc1wvMjAyNFwvMDlcL1dlZGRpbmdwbGFubmVyLVNjaHdlaXotV2VkZGluZ3MtU2Nod2Vpei1TYWVudGlzLVdpbnRlcmhvY2h6ZWl0LTYyMy5qcGciLCJzbGlkZXNob3ciOiIzM2JlMjllMiJ9\">\n\t\t\t\t\t<div class=\"e-gallery-image elementor-gallery-item__image\" data-thumbnail=\"https:\/\/dw-weddings.com\/wp-content\/uploads\/2024\/09\/Weddingplanner-Schweiz-Weddings-Schweiz-Saentis-Winterhochzeit-623-768x512.jpg\" data-width=\"768\" data-height=\"512\" aria-label=\"Ein fr\u00f6hliches Paar in Hochzeitskleidung umarmt und lacht eng umschlungen mit einem Strau\u00df roter Rosen w\u00e4hrend ihres Hochzeitswochenendes in S\u00fcdtirol.\" role=\"img\" ><\/div>\n\t\t\t\t\t\t\t\t\t\t\t<div class=\"elementor-gallery-item__overlay\"><\/div>\n\t\t\t\t\t\t\t\t\t\t\t\t\t\t<\/a>\n\t\t\t\t\t\t\t<a class=\"e-gallery-item elementor-gallery-item elementor-animated-content\" href=\"https:\/\/dw-weddings.com\/wp-content\/uploads\/2024\/09\/Weddingplanner-Schweiz-Weddings-Schweiz-Saentis-Winterhochzeit-719.jpg\" data-elementor-open-lightbox=\"yes\" data-elementor-lightbox-slideshow=\"33be29e2\" data-elementor-lightbox-title=\"Weddingplanner Schweiz, Weddings Schweiz, S\u00e4ntis, Winterhochzeit (719)\" data-e-action-hash=\"#elementor-action%3Aaction%3Dlightbox%26settings%3DeyJpZCI6MjYyNCwidXJsIjoiaHR0cHM6XC9cL2R3LXdlZGRpbmdzLmNvbVwvd3AtY29udGVudFwvdXBsb2Fkc1wvMjAyNFwvMDlcL1dlZGRpbmdwbGFubmVyLVNjaHdlaXotV2VkZGluZ3MtU2Nod2Vpei1TYWVudGlzLVdpbnRlcmhvY2h6ZWl0LTcxOS5qcGciLCJzbGlkZXNob3ciOiIzM2JlMjllMiJ9\">\n\t\t\t\t\t<div class=\"e-gallery-image elementor-gallery-item__image\" data-thumbnail=\"https:\/\/dw-weddings.com\/wp-content\/uploads\/2024\/09\/Weddingplanner-Schweiz-Weddings-Schweiz-Saentis-Winterhochzeit-719-768x512.jpg\" data-width=\"768\" data-height=\"512\" aria-label=\"Ein Paar in Hochzeitskleidung h\u00e4lt Wunderkerzen in der Hand und l\u00e4chelt in einem verschneiten Wald mit einer Laterne im Vordergrund - so wird der Zauber eines Hochzeitswochenendes in \u00d6sterreich perfekt eingefangen.\" role=\"img\" ><\/div>\n\t\t\t\t\t\t\t\t\t\t\t<div class=\"elementor-gallery-item__overlay\"><\/div>\n\t\t\t\t\t\t\t\t\t\t\t\t\t\t<\/a>\n\t\t\t\t\t<\/div>\n\t\t\t\t\t<\/div>\n\t\t\t\t<\/div>\n\t\t\t\t<div class=\"elementor-element elementor-element-6175c7d8 elementor-widget elementor-widget-spacer\" data-id=\"6175c7d8\" data-element_type=\"widget\" data-e-type=\"widget\" data-widget_type=\"spacer.default\">\n\t\t\t\t<div class=\"elementor-widget-container\">\n\t\t\t\t\t\t\t<div class=\"elementor-spacer\">\n\t\t\t<div class=\"elementor-spacer-inner\"><\/div>\n\t\t<\/div>\n\t\t\t\t\t\t<\/div>\n\t\t\t\t<\/div>\n\t\t\t\t<div class=\"elementor-element elementor-element-7b8f55fb elementor-widget-divider--view-line elementor-widget elementor-widget-divider\" data-id=\"7b8f55fb\" data-element_type=\"widget\" data-e-type=\"widget\" data-widget_type=\"divider.default\">\n\t\t\t\t<div class=\"elementor-widget-container\">\n\t\t\t\t\t\t\t<div class=\"elementor-divider\">\n\t\t\t<span class=\"elementor-divider-separator\">\n\t\t\t\t\t\t<\/span>\n\t\t<\/div>\n\t\t\t\t\t\t<\/div>\n\t\t\t\t<\/div>\n\t\t\t\t<div class=\"elementor-element elementor-element-3fe95781 elementor-widget elementor-widget-text-editor\" data-id=\"3fe95781\" data-element_type=\"widget\" data-e-type=\"widget\" data-widget_type=\"text-editor.default\">\n\t\t\t\t<div class=\"elementor-widget-container\">\n\t\t\t\t\t\t\t\t\t<div id=\"scene_79884869\" class=\"block SceneTitle panoramic \"><div class=\"sceneTitle\">\u00a0<\/div><\/div><div id=\"scene_79926256\" class=\"block SceneTitle panoramic \"><div class=\"sceneTitle\"><div class=\"F1 S6 C8 W2 L2 U2\" style=\"text-align: center;\">Weddingteam:<\/div><\/div><div>\u00a0<\/div><\/div><div class=\"block Image panoramic embedded text\"><div class=\"embededresize textEmbed C9 W2 U1 L1 S4\" style=\"text-align: center;\">Planung &amp; Organisation: @gluecksgefuhle_weddings<br \/>Planung &amp; Fotografie: @chriswidmer.photography<br \/>Videografie: @alina_luebbig<br \/>Styling: @bymichelesuere<br \/>Floristik: @natuerlich_fabienne<br \/>Accessoires: @nadjabollaccessoires<br \/>Brautkleid: @atelier_feinsein<br \/>Model Br\u00e4utigam: @ado_sklc<br \/>Model Braut: @natalieseveriina<\/div><\/div>\t\t\t\t\t\t\t\t<\/div>\n\t\t\t\t<\/div>\n\t\t\t\t<div class=\"elementor-element elementor-element-755ab92 elementor-widget-divider--view-line elementor-widget elementor-widget-divider\" data-id=\"755ab92\" data-element_type=\"widget\" data-e-type=\"widget\" data-widget_type=\"divider.default\">\n\t\t\t\t<div class=\"elementor-widget-container\">\n\t\t\t\t\t\t\t<div class=\"elementor-divider\">\n\t\t\t<span class=\"elementor-divider-separator\">\n\t\t\t\t\t\t<\/span>\n\t\t<\/div>\n\t\t\t\t\t\t<\/div>\n\t\t\t\t<\/div>\n\t\t\t\t\t<\/div>\n\t\t<\/div>\n\t\t\t\t\t<\/div>\n\t\t<\/section>\n\t\t\t\t<\/div>\n\t\t","protected":false},"excerpt":{"rendered":"<p>Snowwhite`s Winterwonderland Die Magie einer Winterhochzeit &#8211; definitiv unverkennbar und einzigartig. Mit stimmiger Dekoration, ganz vielen Lichtern und Kerzen, kann man am S\u00e4ntis in der Schweiz wirklich eine besondere Winter-Hochzeit feiern. Eure Feier kann auf \u00fcber 2000 m Seeh\u00f6he direkt am Berg stattfinden oder aber auch im schicken Hotel, am Fu\u00dfe des Berges, welches immer [&hellip;]<\/p>\n","protected":false},"author":1,"featured_media":0,"parent":0,"menu_order":0,"comment_status":"closed","ping_status":"closed","template":"","meta":{"_acf_changed":false,"footnotes":""},"class_list":["post-1664","page","type-page","status-publish","hentry"],"acf":[],"_links":{"self":[{"href":"https:\/\/dw-weddings.com\/en\/wp-json\/wp\/v2\/pages\/1664","targetHints":{"allow":["GET"]}}],"collection":[{"href":"https:\/\/dw-weddings.com\/en\/wp-json\/wp\/v2\/pages"}],"about":[{"href":"https:\/\/dw-weddings.com\/en\/wp-json\/wp\/v2\/types\/page"}],"author":[{"embeddable":true,"href":"https:\/\/dw-weddings.com\/en\/wp-json\/wp\/v2\/users\/1"}],"replies":[{"embeddable":true,"href":"https:\/\/dw-weddings.com\/en\/wp-json\/wp\/v2\/comments?post=1664"}],"version-history":[{"count":10,"href":"https:\/\/dw-weddings.com\/en\/wp-json\/wp\/v2\/pages\/1664\/revisions"}],"predecessor-version":[{"id":3720,"href":"https:\/\/dw-weddings.com\/en\/wp-json\/wp\/v2\/pages\/1664\/revisions\/3720"}],"wp:attachment":[{"href":"https:\/\/dw-weddings.com\/en\/wp-json\/wp\/v2\/media?parent=1664"}],"curies":[{"name":"wp","href":"https:\/\/api.w.org\/{rel}","templated":true}]}}